{"id":33939,"date":"2025-10-07T17:52:03","date_gmt":"2025-10-07T17:52:03","guid":{"rendered":"https:\/\/ravpsd.hekko24.pl\/ben\/?page_id=33939"},"modified":"2025-10-29T17:00:07","modified_gmt":"2025-10-29T17:00:07","slug":"ogloszenia","status":"publish","type":"page","link":"https:\/\/ravpsd.hekko24.pl\/ben\/ogloszenia\/","title":{"rendered":"Og\u0142oszenia"},"content":{"rendered":"\t\t<div data-elementor-type=\"wp-page\" data-elementor-id=\"33939\" class=\"elementor elementor-33939\">\n\t\t\t\t\t\t<section class=\"elementor-section elementor-top-section elementor-element elementor-element-97ad8d4 elementor-section-full_width elementor-section-height-default elementor-section-height-default\" data-id=\"97ad8d4\" data-element_type=\"section\" data-settings=\"{&quot;background_background&quot;:&quot;classic&quot;}\">\r\n\t\t\t\t\t\t<div class=\"elementor-container elementor-column-gap-no\"><div class=\"elementor-row\">\r\n\t\t\t\t\t<div class=\"elementor-column elementor-col-100 elementor-top-column elementor-element elementor-element-ecf4e08\" data-id=\"ecf4e08\" data-element_type=\"column\" data-settings=\"{&quot;background_background&quot;:&quot;classic&quot;}\">\n\t\t\t<div class=\"elementor-widget-wrap elementor-element-populated\">\n\t\t\t\t\t\t<div class=\"elementor-element elementor-element-46ee871 flex-horizontal-align-default flex-horizontal-align-tablet-default flex-horizontal-align-mobile-default flex-vertical-align-default flex-vertical-align-tablet-default flex-vertical-align-mobile-default elementor-widget elementor-widget-thegem-animated-heading\" data-id=\"46ee871\" data-element_type=\"widget\" data-widget_type=\"thegem-animated-heading.default\">\n\t\t\t\t<div class=\"elementor-widget-container\">\n\t\t\t\t\t<div class=\"thegem-heading thegem-animated-heading title-h1\" id=\"thegem-heading-46ee871\"><span class=\"colored\" style=\"color: #FFFFFF;\">Og\u0142oszenia parafialne<\/span> <\/div><style type=\"text\/css\">#thegem-heading-46ee871 {margin: 0;}<\/style>\t\t\t\t<\/div>\n\t\t\t\t<\/div>\n\t\t<div class=\"elementor-element elementor-element-a005762 e-con-full thegem-e-con-layout-thegem e-flex e-con e-parent\" data-id=\"a005762\" data-element_type=\"container\" data-settings=\"{&quot;thegem_container_layout&quot;:&quot;thegem&quot;}\">\r\n\t\t<div class=\"elementor-element elementor-element-f66cf33 e-con-full thegem-e-con-layout-thegem e-flex e-con e-child\" data-id=\"f66cf33\" data-element_type=\"container\" data-settings=\"{&quot;thegem_container_layout&quot;:&quot;thegem&quot;}\">\r\n\t\t\t\t<div class=\"elementor-element elementor-element-668b3b1 elementor-icon-list--layout-traditional elementor-list-item-link-full_width flex-horizontal-align-default flex-horizontal-align-tablet-default flex-horizontal-align-mobile-default flex-vertical-align-default flex-vertical-align-tablet-default flex-vertical-align-mobile-default elementor-widget elementor-widget-icon-list\" data-id=\"668b3b1\" data-element_type=\"widget\" data-widget_type=\"icon-list.default\">\n\t\t\t\t\t\t\t<ul class=\"elementor-icon-list-items\">\n\t\t\t\t\t\t\t<li class=\"elementor-icon-list-item\">\n\t\t\t\t\t\t\t\t\t\t\t<span class=\"elementor-icon-list-icon\">\n\t\t\t\t\t\t\t<svg aria-hidden=\"true\" class=\"e-font-icon-svg e-fas-cross\" viewBox=\"0 0 384 512\" xmlns=\"http:\/\/www.w3.org\/2000\/svg\"><path d=\"M352 128h-96V32c0-17.67-14.33-32-32-32h-64c-17.67 0-32 14.33-32 32v96H32c-17.67 0-32 14.33-32 32v64c0 17.67 14.33 32 32 32h96v224c0 17.67 14.33 32 32 32h64c17.67 0 32-14.33 32-32V256h96c17.67 0 32-14.33 32-32v-64c0-17.67-14.33-32-32-32z\"><\/path><\/svg>\t\t\t\t\t\t<\/span>\n\t\t\t\t\t\t\t\t\t\t<span class=\"elementor-icon-list-text\">Pogrzeb:<\/span>\n\t\t\t\t\t\t\t\t\t<\/li>\n\t\t\t\t\t\t<\/ul>\n\t\t\t\t\t\t<\/div>\n\t\t\t\t<\/div>\n\t\t<div class=\"elementor-element elementor-element-66479e6 e-con-full thegem-e-con-layout-thegem e-flex e-con e-child\" data-id=\"66479e6\" data-element_type=\"container\" data-settings=\"{&quot;thegem_container_layout&quot;:&quot;thegem&quot;}\">\r\n\t\t\t\t<div class=\"elementor-element elementor-element-593d214 flex-horizontal-align-default flex-horizontal-align-tablet-default flex-horizontal-align-mobile-default flex-vertical-align-default flex-vertical-align-tablet-default flex-vertical-align-mobile-default elementor-widget elementor-widget-text-editor\" data-id=\"593d214\" data-element_type=\"widget\" data-widget_type=\"text-editor.default\">\n\t\t\t\t\t\t\t\t\t\t\t\t<div class=\"elementor-text-editor elementor-clearfix\">\r\n\t\t\t\t\t\t<p><span style=\"color: #ff0000\">JAK ZYSKA\u0106 ODPUST ZA ZMAR\u0141YCH<\/span><br \/>\nW dniach od 1 do 8 listopada za pobo\u017cne (czyli modlitewne) nawiedzenie cmentarza z r\u00f3wnoczesn\u0105 modlitw\u0105 za zmar\u0142ych \u2013 mo\u017cemy codziennie uzyska\u0107 odpust zupe\u0142ny, kt\u00f3ry mo\u017cna ofiarowa\u0107 wy\u0142\u0105cznie za zmar\u0142ych (za nawiedzenie cmentarza w inne dni \u2013 odpust cz\u0105stkowy, r\u00f3wnie\u017c wy\u0142\u0105cznie za zmar\u0142ych).<br \/>\nOdpust zupe\u0142ny zyskujemy tylko raz dziennie.<br \/>\nWarunki uzyskania odpustu zupe\u0142nego:<br \/>\nWzbudzi\u0107 intencj\u0119 jego otrzymania.<br \/>\nBy\u0107 w stanie \u0142aski u\u015bwi\u0119caj\u0105cej.<br \/>\nWyzby\u0107 si\u0119 przywi\u0105zania do jakiegokolwiek grzechu.<br \/>\nPrzyj\u0105\u0107 w tym dniu Komuni\u0119 \u015awi\u0119t\u0105.<br \/>\nOdnowi\u0107 jedno\u015b\u0107 ze wsp\u00f3lnot\u0105 Ko\u015bcio\u0142a poprzez odm\u00f3wienie:<br \/>\n\u201eOjcze nasz\u201d,<br \/>\n\u201eWierz\u0119 w Boga\u201d<br \/>\noraz modlitwy w intencjach bliskich Ojcu \u015awi\u0119temu (np. \u201eZdrowa\u015b Maryjo\u201d).<br \/>\nCo to jest ODPUST?<br \/>\nOdpust jest to darowanie (odpuszczenie) przez Boga kary doczesnej za grzechy odpuszczone ju\u017c co do winy w sakramencie pokuty.<br \/>\nPoprzez spowied\u017a grzesznik otrzymuje przebaczenie wyznanych grzech\u00f3w, ale uzyskane przebaczenie nie uwalnia od kar doczesnych (czasowych), kt\u00f3re spotykaj\u0105 nas za \u017cycia lub po \u015bmierci w czy\u015b\u0107cu. Dlatego nawet kto\u015b, kto umiera w stanie \u0142aski u\u015bwi\u0119caj\u0105cej nie idzie prosto do nieba, musi odnowi\u0107 w sobie pe\u0142ne podobie\u0144stwo do Boga. Uwolnieniu od tych kar s\u0142u\u017c\u0105 w\u0142a\u015bnie odpusty.<br \/>\nRozr\u00f3\u017cnia si\u0119 odpusty cz\u0105stkowe i zupe\u0142ne (zale\u017cnie od tego, w jakim stopniu uwalniaj\u0105 nas od kary doczesnej). Odpusty te mo\u017ce zyskiwa\u0107 ka\u017cdy ochrzczony dla siebie po spe\u0142nieniu odpowiednich warunk\u00f3w lub ofiarowywa\u0107 je za zmar\u0142ych.<br \/>\nODPUST zatem nie jest odpuszczeniem grzech\u00f3w, ale darowaniem kar czy\u015b\u0107cowych za grzechy.<\/p>\n\t\t\t\t\t\t\t<\/div>\r\n\t\t\t\t\t\t\t\t\t\t<\/div>\n\t\t\t\t<\/div>\n\t\t\t\t<\/div>\n\t\t\t\t<div class=\"elementor-element elementor-element-986ed6f elementor-icon-list--layout-traditional elementor-list-item-link-full_width flex-horizontal-align-default flex-horizontal-align-tablet-default flex-horizontal-align-mobile-default flex-vertical-align-default flex-vertical-align-tablet-default flex-vertical-align-mobile-default elementor-widget elementor-widget-icon-list\" data-id=\"986ed6f\" data-element_type=\"widget\" data-widget_type=\"icon-list.default\">\n\t\t\t\t\t\t\t<ul class=\"elementor-icon-list-items\">\n\t\t\t\t\t\t\t<li class=\"elementor-icon-list-item\">\n\t\t\t\t\t\t\t\t\t\t\t<span class=\"elementor-icon-list-icon\">\n\t\t\t\t\t\t\t<svg aria-hidden=\"true\" class=\"e-font-icon-svg e-far-calendar-alt\" viewBox=\"0 0 448 512\" xmlns=\"http:\/\/www.w3.org\/2000\/svg\"><path d=\"M148 288h-40c-6.6 0-12-5.4-12-12v-40c0-6.6 5.4-12 12-12h40c6.6 0 12 5.4 12 12v40c0 6.6-5.4 12-12 12zm108-12v-40c0-6.6-5.4-12-12-12h-40c-6.6 0-12 5.4-12 12v40c0 6.6 5.4 12 12 12h40c6.6 0 12-5.4 12-12zm96 0v-40c0-6.6-5.4-12-12-12h-40c-6.6 0-12 5.4-12 12v40c0 6.6 5.4 12 12 12h40c6.6 0 12-5.4 12-12zm-96 96v-40c0-6.6-5.4-12-12-12h-40c-6.6 0-12 5.4-12 12v40c0 6.6 5.4 12 12 12h40c6.6 0 12-5.4 12-12zm-96 0v-40c0-6.6-5.4-12-12-12h-40c-6.6 0-12 5.4-12 12v40c0 6.6 5.4 12 12 12h40c6.6 0 12-5.4 12-12zm192 0v-40c0-6.6-5.4-12-12-12h-40c-6.6 0-12 5.4-12 12v40c0 6.6 5.4 12 12 12h40c6.6 0 12-5.4 12-12zm96-260v352c0 26.5-21.5 48-48 48H48c-26.5 0-48-21.5-48-48V112c0-26.5 21.5-48 48-48h48V12c0-6.6 5.4-12 12-12h40c6.6 0 12 5.4 12 12v52h128V12c0-6.6 5.4-12 12-12h40c6.6 0 12 5.4 12 12v52h48c26.5 0 48 21.5 48 48zm-48 346V160H48v298c0 3.3 2.7 6 6 6h340c3.3 0 6-2.7 6-6z\"><\/path><\/svg>\t\t\t\t\t\t<\/span>\n\t\t\t\t\t\t\t\t\t\t<span class=\"elementor-icon-list-text\">26.10.2025 <\/span>\n\t\t\t\t\t\t\t\t\t<\/li>\n\t\t\t\t\t\t<\/ul>\n\t\t\t\t\t\t<\/div>\n\t\t\t\t<div class=\"elementor-element elementor-element-b7f5f23 flex-horizontal-align-default flex-horizontal-align-tablet-default flex-horizontal-align-mobile-default flex-vertical-align-default flex-vertical-align-tablet-default flex-vertical-align-mobile-default elementor-widget elementor-widget-text-editor\" data-id=\"b7f5f23\" data-element_type=\"widget\" data-widget_type=\"text-editor.default\">\n\t\t\t\t\t\t\t\t\t\t\t\t<div class=\"elementor-text-editor elementor-clearfix\">\r\n\t\t\t\t\t\t<ul>\n<li>Dzi\u015b\u00a0o Dzi\u015b obchodzimy XXX Niedziel\u0119 Zwyk\u0142\u0105 w roku liturgicznym. Kolekta jest przeznaczona na utrzymanie ko\u015bcio\u0142a \u2013 B\u00f3g zap\u0142a\u0107 za z\u0142o\u017cone ofiary.<\/li>\n<li>Gor\u0105co zach\u0119camy do udzia\u0142u w nabo\u017ce\u0144stwach r\u00f3\u017ca\u0144cowych w ostatnim tygodniu pa\u017adziernika \u2013 od poniedzia\u0142ku do pi\u0105tku r\u00f3\u017caniec odmawiamy o godzinie 17.45.<\/li>\n<li>W czwartek od godziny 17.00 rozpoczynamy adoracj\u0119 Naj\u015bwi\u0119tszego Sakramentu w ciszy.<\/li>\n<li>W najbli\u017cszy czwartek, 30 pa\u017adziernika w pomieszczeniach pod ko\u015bcio\u0142em o godzinie 17.00 odb\u0119dzie si\u0119 tzw. gie\u0142da stroj\u00f3w komunijnych. Je\u015bli kto\u015b chce odsprzeda\u0107 ,czy podarowa\u0107 str\u00f3j dziecka z I Komunii zapraszamy w najbli\u017cszy czwartek.<\/li>\n<li>W najbli\u017cszy pi\u0105tek nie ma Mszy szkolnej.<\/li>\n<li>W dniach 1 i 2 listopada wolontariusze z Hospicjum im. \u015bw. Kaliksta b\u0119d\u0105 kwestowa\u0107 od 8:00 do 16:00 na tyskich cmentarzach (Wartog\u0142owiec, \u015awierczyniec, Cielmice, \u017bwak\u00f3w, Urbanowice, Maria Magdalena i \u015bw. Walenty\/Bieru\u0144). Zebrane \u015brodki zostan\u0105 przekazane na rzecz utrzymania Domu Hospicyjnego przy ul. \u017borskiej 17 w Tychach.<\/li>\n<li><strong>Poniewa\u017c w I sobot\u0119 przypada Uroczysto\u015b\u0107 Wszystkich \u015awi\u0119tych, o godzinie 7.15 odm\u00f3wimy r\u00f3\u017caniec wynagradzaj\u0105cy. Odwiedziny chorych odb\u0119d\u0105 si\u0119 w sobot\u0119 8-go listopada.<\/strong><\/li>\n<li><strong>W sobot\u0119 przypada Uroczysto\u015b\u0107 Wszystkich \u015awi\u0119tych \u2013 Msze \u015awi\u0119te odprawiamy o godzinie 8.00, 9.30, 11.00 i 16.00 oraz Msza w pi\u0105tek o godzinie 18.30 b\u0119dzie tak\u017ce odprawiana z formularza Uroczysto\u015bci Wszystkich \u015awi\u0119tych. Z my\u015bl\u0105 o osobach, kt\u00f3re nie maj\u0105 mo\u017cliwo\u015bci dotrze\u0107 na groby swoich bliskich (w Uroczysto\u015b\u0107 Wszystkich \u015awi\u0119tych) po Mszy o godzinie 16.00 odprawimy nabo\u017ce\u0144stwo za zmar\u0142ych.<\/strong><\/li>\n<li><strong>Zapraszamy na nabo\u017ce\u0144stwa za zmar\u0142ych na tyskich cmentarzach: na Wartog\u0142owcu i na \u015awierczy\u0144cu nabo\u017ce\u0144stwo rozpocznie si\u0119 o godzinie 14.00, nast\u0119pnie b\u0119dzie odprawiana Msza \u015awi\u0119ta. Na cmentarzu na \u017bwakowie nabo\u017ce\u0144stwo o godzinie 13.30, przy ko\u015bciele \u015bw. Marii Magdaleny o godzinie 13.00, a na cmentarzu w Cielmicach najpierw b\u0119dzie odprawiona Msza \u015awi\u0119ta o godzinie 14.30, a po jej zako\u0144czeniu b\u0119dzie odprawiane nabo\u017ce\u0144stwo za zmar\u0142ych.<\/strong><\/li>\n<li>W niedziel\u0119 przypada Wspomnienie Wszystkich Wiernych Zmar\u0142ych, jak potocznie m\u00f3wimy Dzie\u0144 Zaduszny. Zyskujemy odpusty i modlimy si\u0119 za zmar\u0142ych cierpi\u0105cych w czy\u015b\u0107cu. Msze \u015awi\u0119te b\u0119d\u0105 odprawiane jak w ka\u017cd\u0105 niedziel\u0119.<\/li>\n<li>W kancelarii i w zakrystii mo\u017cna sk\u0142ada\u0107 wypominki za zmar\u0142ych, za kt\u00f3rych od 2 do 8 listopada b\u0119dziemy odmawia\u0107 r\u00f3\u017caniec, w takich godzinach jak w pa\u017adzierniku \u2013 w dni powszednie od poniedzia\u0142ku do pi\u0105tku o godzinie 17.45, w sobot\u0119 i w niedziel\u0119 o 15.15. Najpierw wyczytujemy nazwiska zmar\u0142ych a nast\u0119pnie odmawiamy r\u00f3\u017caniec. Za tych zmar\u0142ych b\u0119dzie odprawione 7 Mszy \u015awi\u0119tych.<\/li>\n<li>Osoby, kt\u00f3re wpisa\u0142y si\u0119 na przysz\u0142oroczn\u0105 pielgrzymk\u0119 do Gruzji proszone s\u0105 o kontakt z kancelari\u0105 \u2013 nale\u017cy przynie\u015b\u0107 paszport i zadatek w kwocie 1.000 z\u0142. Pozosta\u0142\u0105 cz\u0119\u015b\u0107 wp\u0142aca si\u0119 w terminach do ko\u0144ca marca i do ko\u0144ca maja na konto biura. Szczeg\u00f3\u0142y na stronie internetowej parafii.<\/li>\n<\/ul>\n<p>&nbsp;<\/p>\n<p style=\"text-align: center\"><span class=\"tekst-czerwony\"><strong>ODEZWA BISKUPA KATOWICKIEGO:<\/strong><\/span><\/p>\n<p>Drodzy Siostry i Bracia w Chrystusie,<\/p>\n<p>zbli\u017camy si\u0119 do wyj\u0105tkowych chwil, kt\u00f3re stanowi\u0105 zwie\u0144czenie jubileuszowego roku naszej Archidiecezji. Pragn\u0119 z ca\u0142ego serca zaprosi\u0107 Was do wsp\u00f3lnego prze\u017cywania nadchodz\u0105cych wydarze\u0144.<\/p>\n<p>W pierwszej kolejno\u015bci zapraszam na uroczyst\u0105 Eucharysti\u0119 z okazji 70. rocznicy po\u015bwi\u0119cenia Archikatedry Chrystusa Kr\u00f3la, kt\u00f3ra zostanie odprawiona 30 pa\u017adziernika 2025 roku (czwartek), o godz. 18:00.<br \/>\nW spos\u00f3b szczeg\u00f3lny zach\u0119cam do udzia\u0142u w uroczysto\u015bci odpustowej ku czci Chrystusa Kr\u00f3la \u2013 23 listopada 2025 roku (niedziela), o godz. 12:00. Mszy \u015bw. b\u0119dzie przewodniczy\u0142 Jego Eminencja Kardyna\u0142 Willem Jacobus Eijk z Holandii. Niech b\u0119dzie to czas wsp\u00f3lnej modlitwy i dzi\u0119kczynienia za dar Ko\u015bcio\u0142a na G\u00f3rnym \u015al\u0105sku.<\/p>\n<p>Na zako\u0144czenie obchod\u00f3w jubileuszowych zapraszam na wyj\u0105tkowy spektakl muzyczny \u201eKatedra\u201d, kt\u00f3ry odb\u0119dzie si\u0119 26 listopada 2025 roku (\u015broda), o godz. 18:30 w Hali Widowiskowo-Sportowej Spodek w Katowicach. Na scenie zobaczymy oko\u0142o 350 m\u0142odych artyst\u00f3w, m.in. orkiestr\u0119, ch\u00f3ry, solist\u00f3w, balet Opery \u015al\u0105skiej, cz\u0142onk\u00f3w wsp\u00f3lnot i grup teatralno-tanecznych. Ich wyst\u0119pom towarzyszy\u0107 b\u0119dzie niezwyk\u0142a scenografia multimedialna.<\/p>\n<p>Wierz\u0119, \u017ce wsp\u00f3lne prze\u017cywanie tych wydarze\u0144 umocni nasz\u0105 wi\u0119\u017a oraz pozwoli czerpa\u0107 rado\u015b\u0107 z obecno\u015bci i jedno\u015bci.<br \/>\nNa te wszystkie wydarzenia dziel\u0119 si\u0119 z Wami b\u0142ogos\u0142awie\u0144stwem Ojca \u015awi\u0119tego Leona XIV.<\/p>\n<p style=\"text-align: center\">\u2020 Andrzej Przybylski<\/p>\n<p style=\"text-align: center\">Arcybiskup Metropolita Katowicki<\/p>\n<div class=\"row well-30\"><\/div>\n\t\t\t\t\t\t\t<\/div>\r\n\t\t\t\t\t\t\t\t\t\t<\/div>\n\t\t\t\t\t<\/div>\n\t\t<\/div>\n\t\t\t\t\t<\/div><\/div>\r\n\t\t<\/section>\r\n\t\t\t\t<\/div>\n\t\t","protected":false},"excerpt":{"rendered":"<p>Og\u0142oszenia parafialne Pogrzeb:<\/p>\n","protected":false},"author":1,"featured_media":0,"parent":0,"menu_order":0,"comment_status":"closed","ping_status":"closed","template":"page-fullwidth.php","meta":{"_acf_changed":false,"footnotes":""},"class_list":["post-33939","page","type-page","status-publish"],"acf":[],"_links":{"self":[{"href":"https:\/\/ravpsd.hekko24.pl\/ben\/wp-json\/wp\/v2\/pages\/33939","targetHints":{"allow":["GET"]}}],"collection":[{"href":"https:\/\/ravpsd.hekko24.pl\/ben\/wp-json\/wp\/v2\/pages"}],"about":[{"href":"https:\/\/ravpsd.hekko24.pl\/ben\/wp-json\/wp\/v2\/types\/page"}],"author":[{"embeddable":true,"href":"https:\/\/ravpsd.hekko24.pl\/ben\/wp-json\/wp\/v2\/users\/1"}],"replies":[{"embeddable":true,"href":"https:\/\/ravpsd.hekko24.pl\/ben\/wp-json\/wp\/v2\/comments?post=33939"}],"version-history":[{"count":31,"href":"https:\/\/ravpsd.hekko24.pl\/ben\/wp-json\/wp\/v2\/pages\/33939\/revisions"}],"predecessor-version":[{"id":35788,"href":"https:\/\/ravpsd.hekko24.pl\/ben\/wp-json\/wp\/v2\/pages\/33939\/revisions\/35788"}],"wp:attachment":[{"href":"https:\/\/ravpsd.hekko24.pl\/ben\/wp-json\/wp\/v2\/media?parent=33939"}],"curies":[{"name":"wp","href":"https:\/\/api.w.org\/{rel}","templated":true}]}}