{"id":34105,"date":"2025-10-08T01:07:09","date_gmt":"2025-10-08T01:07:09","guid":{"rendered":"https:\/\/ravpsd.hekko24.pl\/ben\/?page_id=34105"},"modified":"2025-10-29T17:56:00","modified_gmt":"2025-10-29T17:56:00","slug":"grupy-parafialne","status":"publish","type":"page","link":"https:\/\/ravpsd.hekko24.pl\/ben\/grupy-parafialne\/","title":{"rendered":"Grupy parafialne"},"content":{"rendered":"\t\t<div data-elementor-type=\"wp-page\" data-elementor-id=\"34105\" class=\"elementor elementor-34105\">\n\t\t\t\t\t\t<section class=\"elementor-section elementor-top-section elementor-element elementor-element-55ce2298 elementor-section-full_width elementor-section-height-default elementor-section-height-default\" data-id=\"55ce2298\" data-element_type=\"section\" data-settings=\"{&quot;background_background&quot;:&quot;classic&quot;,&quot;thegem_custom_css&quot;:&quot;.custom-accordion-08 .gem-tta-panel.gem-tta-active .gem-tta-panel-title &gt; a {\\n    border: 2px solid #00bdd4!important;\\n}&quot;}\">\r\n\t\t\t\t\t\t\t<div class=\"elementor-background-overlay\"><\/div>\r\n\t\t\t\t\t\t\t<div class=\"elementor-container elementor-column-gap-thegem\"><div class=\"elementor-row\">\r\n\t\t\t\t\t<div class=\"elementor-column elementor-col-100 elementor-top-column elementor-element elementor-element-5dc729d9\" data-id=\"5dc729d9\" data-element_type=\"column\">\n\t\t\t<div class=\"elementor-widget-wrap elementor-element-populated\">\n\t\t\t\t\t\t<div class=\"elementor-element elementor-element-d643699 flex-horizontal-align-default flex-horizontal-align-tablet-default flex-horizontal-align-mobile-default flex-vertical-align-default flex-vertical-align-tablet-default flex-vertical-align-mobile-default elementor-widget elementor-widget-thegem-animated-heading\" data-id=\"d643699\" data-element_type=\"widget\" data-widget_type=\"thegem-animated-heading.default\">\n\t\t\t\t<div class=\"elementor-widget-container\">\n\t\t\t\t\t<div class=\"thegem-heading thegem-animated-heading title-h1\" id=\"thegem-heading-d643699\"><span class=\"colored\" style=\"color: #FFFFFF;\">Grupy parafialne<\/span> <\/div><style type=\"text\/css\">#thegem-heading-d643699 {margin: 0;}<\/style>\t\t\t\t<\/div>\n\t\t\t\t<\/div>\n\t\t\t\t<div class=\"elementor-element elementor-element-f817116 flex-horizontal-align-default flex-horizontal-align-tablet-default flex-horizontal-align-mobile-default flex-vertical-align-default flex-vertical-align-tablet-default flex-vertical-align-mobile-default elementor-widget elementor-widget-thegem-tabs\" data-id=\"f817116\" data-element_type=\"widget\" data-settings=\"{&quot;title_gap&quot;:&quot;yes&quot;,&quot;thegem_elementor_preset&quot;:&quot;classic&quot;}\" data-widget_type=\"thegem-tabs.default\">\n\t\t\t\t<div class=\"elementor-widget-container\">\n\t\t\t\t\t\n\t\t<div class=\"gem-tta-container\" data-vc-action=\"collapse\" >\n\t\t\t<div class=\"gem-tta-general gem-tta gem-tta-tabs gem-tta-color-thegem gem-tta-shape-rounded gem-tta-gap gem-tta-style-classic gem-tta-tabs-position-left gem-tta-controls-align-left\">\n\t\t\t\t<div class=\"gem-tta-panels-container\">\n\t\t\t\t\t<div class=\"gem-tta-panels\">\n\n\t\t\t\t\t\t\n\t\t\t\t\t\t<div id=\"section-f817116-1\" class=\"gem-tta-panel gem-tta-active\" data-vc-content=\".gem-tta-panel-body\">\n\t\t\t\t\t\t\t<div class=\"gem-tta-panel-heading\">\n\t\t\t\t\t\t\t\t<h4 class=\"gem-tta-panel-title\">\n\t\t\t\t\t\t\t\t\t<a href=\"#section-f817116-1\" data-vc-accordion data-vc-container=\".gem-tta-container\">\n\t\t\t\t\t\t\t\t\t\t\t\t\t\t\t\t\t\t\t\t<span class=\"gem-tta-title-text\">\n\t\t\t\t\t\t\t\t\t\t\tMinistranci\t\t\t\t\t\t\t\t\t\t<\/span>\n\t\t\t\t\t\t\t\t\t<\/a>\n\t\t\t\t\t\t\t\t<\/h4>\n\t\t\t\t\t\t\t<\/div>\n\t\t\t\t\t\t\t<div class=\"gem-tta-panel-body gem-tta-panel-respbody\">\n\t\t\t\t\t\t\t\t<div class=\"gem-text-output\"><p><img class=\"size-medium wp-image-34107 alignleft\" src=\"https:\/\/ravpsd.hekko24.pl\/ben\/wp-content\/uploads\/2025\/10\/MINISTRANCI_BENEDYKTA-212x300.jpg\" alt=\"\" width=\"212\" height=\"300\" srcset=\"https:\/\/ravpsd.hekko24.pl\/ben\/wp-content\/uploads\/2025\/10\/MINISTRANCI_BENEDYKTA-212x300.jpg 212w, https:\/\/ravpsd.hekko24.pl\/ben\/wp-content\/uploads\/2025\/10\/MINISTRANCI_BENEDYKTA-724x1024.jpg 724w, https:\/\/ravpsd.hekko24.pl\/ben\/wp-content\/uploads\/2025\/10\/MINISTRANCI_BENEDYKTA-768x1087.jpg 768w, https:\/\/ravpsd.hekko24.pl\/ben\/wp-content\/uploads\/2025\/10\/MINISTRANCI_BENEDYKTA.jpg 933w\" sizes=\"(max-width: 212px) 100vw, 212px\" \/><\/p>\n<p><span class=\"x193iq5w xeuugli x13faqbe x1vvkbs x1xmvt09 x1lliihq x1s928wv xhkezso x1gmr53x x1cpjm7i x1fgarty x1943h6x xudqn12 x3x7a5m x1f6kntn xvq8zen xo1l8bm xzsf02u tekst-czarny\" dir=\"auto\"><span class=\"x193iq5w xeuugli x13faqbe x1vvkbs x1xmvt09 x1f6kntn xvq8zen xo1l8bm xzsf02u \">Ch\u0119tnych ch\u0142opak\u00f3w zapraszamy do do\u0142\u0105czenia do naszej grupy.<\/span><\/span><\/p>\n<p><span class=\"x193iq5w xeuugli x13faqbe x1vvkbs x1xmvt09 x1lliihq x1s928wv xhkezso x1gmr53x x1cpjm7i x1fgarty x1943h6x xudqn12 x3x7a5m x1f6kntn xvq8zen xo1l8bm xzsf02u tekst-czarny\" dir=\"auto\"><span class=\"x193iq5w xeuugli x13faqbe x1vvkbs x1xmvt09 x1f6kntn xvq8zen xo1l8bm xzsf02u \"><span class=\"html-span xdj266r x11i5rnm xat24cr x1mh8g0r xexx8yu x4uap5 x18d9i69 xkhd6sd x1hl2dhg x16tdsg8 x1vvkbs \"><strong class=\"html-strong xdj266r x11i5rnm xat24cr x1mh8g0r xexx8yu x4uap5 x18d9i69 xkhd6sd x1hl2dhg x16tdsg8 x1vvkbs x1s688f\">Spotkania formacyjne odbywaj\u0105 si\u0119 w soboty o godz. 10.00 w salce przed ko\u015bcio\u0142em.<\/strong><\/span><\/span><\/span><\/p>\n<p><span class=\"tekst-czarny \"><span class=\"x193iq5w xeuugli x13faqbe x1vvkbs x1xmvt09 x1lliihq x1s928wv xhkezso x1gmr53x x1cpjm7i x1fgarty x1943h6x xudqn12 x3x7a5m x1f6kntn xvq8zen xo1l8bm xzsf02u\" dir=\"auto\"><span class=\"x193iq5w xeuugli x13faqbe x1vvkbs x1xmvt09 x1f6kntn xvq8zen xo1l8bm xzsf02u \">Szczeg\u00f3\u0142y u ks. Tomasza.<\/span><\/span><\/span><\/p>\n<\/div>\t\t\t\t\t\t\t<\/div>\n\t\t\t\t\t\t<\/div>\n\t\t\t\t\t\n\t\t\t\t\t\t<div id=\"section-f817116-2\" class=\"gem-tta-panel \" data-vc-content=\".gem-tta-panel-body\">\n\t\t\t\t\t\t\t<div class=\"gem-tta-panel-heading\">\n\t\t\t\t\t\t\t\t<h4 class=\"gem-tta-panel-title\">\n\t\t\t\t\t\t\t\t\t<a href=\"#section-f817116-2\" data-vc-accordion data-vc-container=\".gem-tta-container\">\n\t\t\t\t\t\t\t\t\t\t\t\t\t\t\t\t\t\t\t\t<span class=\"gem-tta-title-text\">\n\t\t\t\t\t\t\t\t\t\t\tLektorzy\t\t\t\t\t\t\t\t\t\t<\/span>\n\t\t\t\t\t\t\t\t\t<\/a>\n\t\t\t\t\t\t\t\t<\/h4>\n\t\t\t\t\t\t\t<\/div>\n\t\t\t\t\t\t\t<div class=\"gem-tta-panel-body gem-tta-panel-respbody\">\n\t\t\t\t\t\t\t\t<div class=\"gem-text-output\"><div class=\"html-div xdj266r x11i5rnm x1mh8g0r xexx8yu x4uap5 x18d9i69 xkhd6sd x1e56ztr\"><span class=\"tekst-czarny\"><strong><span class=\"x193iq5w xeuugli x13faqbe x1vvkbs x1xmvt09 x1f6kntn xvq8zen xo1l8bm xzsf02u\"><span class=\"html-span xdj266r x11i5rnm xat24cr x1mh8g0r xexx8yu x4uap5 x18d9i69 xkhd6sd x1hl2dhg x16tdsg8 x1vvkbs \">Ch\u0119tnych do czytania i \u015bpiewu podczas Mszy \u015bw. <\/span><\/span><\/strong><span class=\"x193iq5w xeuugli x13faqbe x1vvkbs x1xmvt09 x1f6kntn xvq8zen xo1l8bm xzsf02u\">zapraszamy\u00a0<\/span><span class=\"x193iq5w xeuugli x13faqbe x1vvkbs x1xmvt09 x1f6kntn xvq8zen xo1l8bm xzsf02u\">do do\u0142\u0105czenia do naszej grupy.<strong><br \/>\n<\/strong><\/span><\/span><\/div>\n<div class=\"html-div xdj266r x11i5rnm x1mh8g0r xexx8yu x4uap5 x18d9i69 xkhd6sd x1e56ztr\"><\/div>\n<div class=\"html-div xdj266r x11i5rnm x1mh8g0r xexx8yu x4uap5 x18d9i69 xkhd6sd x1e56ztr\"><span class=\"x193iq5w xeuugli x13faqbe x1vvkbs x1xmvt09 x1f6kntn xvq8zen xo1l8bm xzsf02u tekst-czarny\">Szczeg\u00f3\u0142y u ks. Tomasza.<\/span><\/div>\n<\/div>\t\t\t\t\t\t\t<\/div>\n\t\t\t\t\t\t<\/div>\n\t\t\t\t\t\n\t\t\t\t\t\t<div id=\"section-f817116-3\" class=\"gem-tta-panel \" data-vc-content=\".gem-tta-panel-body\">\n\t\t\t\t\t\t\t<div class=\"gem-tta-panel-heading\">\n\t\t\t\t\t\t\t\t<h4 class=\"gem-tta-panel-title\">\n\t\t\t\t\t\t\t\t\t<a href=\"#section-f817116-3\" data-vc-accordion data-vc-container=\".gem-tta-container\">\n\t\t\t\t\t\t\t\t\t\t\t\t\t\t\t\t\t\t\t\t<span class=\"gem-tta-title-text\">\n\t\t\t\t\t\t\t\t\t\t\tDzieci Maryi\t\t\t\t\t\t\t\t\t\t<\/span>\n\t\t\t\t\t\t\t\t\t<\/a>\n\t\t\t\t\t\t\t\t<\/h4>\n\t\t\t\t\t\t\t<\/div>\n\t\t\t\t\t\t\t<div class=\"gem-tta-panel-body gem-tta-panel-respbody\">\n\t\t\t\t\t\t\t\t<div class=\"gem-text-output\"><div class=\"html-div xdj266r x11i5rnm xat24cr x1mh8g0r xexx8yu x4uap5 x18d9i69 xkhd6sd\">\n<div class=\"html-div xdj266r x11i5rnm x1mh8g0r xexx8yu x4uap5 x18d9i69 xkhd6sd x1e56ztr\"><span class=\"x193iq5w xeuugli x13faqbe x1vvkbs x1xmvt09 x1f6kntn xvq8zen xo1l8bm xzsf02u tekst-czarny\">Ch\u0119tne dziewczyny zapraszamy do do\u0142\u0105czenia do naszej grupy.<\/span><\/div>\n<div class=\"html-div xdj266r x11i5rnm x1mh8g0r xexx8yu x4uap5 x18d9i69 xkhd6sd x1e56ztr\"><\/div>\n<div class=\"html-div xdj266r x11i5rnm x1mh8g0r xexx8yu x4uap5 x18d9i69 xkhd6sd x1e56ztr\"><span class=\"x193iq5w xeuugli x13faqbe x1vvkbs x1xmvt09 x1f6kntn xvq8zen xo1l8bm xzsf02u tekst-czarny\"><span class=\"html-span xdj266r x11i5rnm xat24cr x1mh8g0r xexx8yu x4uap5 x18d9i69 xkhd6sd x1hl2dhg x16tdsg8 x1vvkbs \"><strong class=\"html-strong xdj266r x11i5rnm xat24cr x1mh8g0r xexx8yu x4uap5 x18d9i69 xkhd6sd x1hl2dhg x16tdsg8 x1vvkbs x1s688f\">Spotkania formacyjne odbywaj\u0105 si\u0119 w soboty o godz. 10.00 w salkach pod ko\u015bcio\u0142em.<\/strong><\/span><\/span><\/div>\n<div class=\"html-div xdj266r x11i5rnm x1mh8g0r xexx8yu x4uap5 x18d9i69 xkhd6sd x1e56ztr\"><\/div>\n<div class=\"html-div xdj266r x11i5rnm x1mh8g0r xexx8yu x4uap5 x18d9i69 xkhd6sd x1e56ztr\"><span class=\"x193iq5w xeuugli x13faqbe x1vvkbs x1xmvt09 x1f6kntn xvq8zen xo1l8bm xzsf02u tekst-czarny\">Szczeg\u00f3\u0142y u pani Magdaleny Kosche.<\/span><\/div>\n<\/div>\n<div class=\"html-div xdj266r x11i5rnm xat24cr x1mh8g0r xexx8yu x4uap5 x18d9i69 xkhd6sd\"><span class=\"tekst-czarny\">\u00a0<\/span><\/div>\n<div class=\"html-div xdj266r x11i5rnm xat24cr x1mh8g0r xexx8yu x4uap5 x18d9i69 xkhd6sd\">\n<div class=\"html-div xdj266r x11i5rnm x1mh8g0r xexx8yu x4uap5 x18d9i69 xkhd6sd x1e56ztr\"><span class=\"x193iq5w xeuugli x13faqbe x1vvkbs x1xmvt09 x1f6kntn xvq8zen xo1l8bm xzsf02u tekst-czarny\"><span class=\"html-span xdj266r x11i5rnm xat24cr x1mh8g0r xexx8yu x4uap5 x18d9i69 xkhd6sd x1hl2dhg x16tdsg8 x1vvkbs \"><em class=\"html-em xdj266r x11i5rnm xat24cr x1mh8g0r xexx8yu x4uap5 x18d9i69 xkhd6sd x1hl2dhg x16tdsg8 x1vvkbs\">Zima nam niestraszna, r\u0119ce rozgrzewamy,<\/em><\/span><\/span><\/div>\n<\/div>\n<div class=\"html-div xdj266r x11i5rnm xat24cr x1mh8g0r xexx8yu x4uap5 x18d9i69 xkhd6sd\">\n<div class=\"html-div xdj266r x11i5rnm x1mh8g0r xexx8yu x4uap5 x18d9i69 xkhd6sd x1e56ztr\"><span class=\"x193iq5w xeuugli x13faqbe x1vvkbs x1xmvt09 x1f6kntn xvq8zen xo1l8bm xzsf02u tekst-czarny\"><span class=\"html-span xdj266r x11i5rnm xat24cr x1mh8g0r xexx8yu x4uap5 x18d9i69 xkhd6sd x1hl2dhg x16tdsg8 x1vvkbs \"><em class=\"html-em xdj266r x11i5rnm xat24cr x1mh8g0r xexx8yu x4uap5 x18d9i69 xkhd6sd x1hl2dhg x16tdsg8 x1vvkbs\">gdy z koralik\u00f3w bransoletki uk\u0142adamy.<\/em><\/span><\/span><\/div>\n<\/div>\n<div class=\"html-div xdj266r x11i5rnm xat24cr x1mh8g0r xexx8yu x4uap5 x18d9i69 xkhd6sd\">\n<div class=\"html-div xdj266r x11i5rnm x1mh8g0r xexx8yu x4uap5 x18d9i69 xkhd6sd x1e56ztr\"><span class=\"x193iq5w xeuugli x13faqbe x1vvkbs x1xmvt09 x1f6kntn xvq8zen xo1l8bm xzsf02u tekst-czarny\"><span class=\"html-span xdj266r x11i5rnm xat24cr x1mh8g0r xexx8yu x4uap5 x18d9i69 xkhd6sd x1hl2dhg x16tdsg8 x1vvkbs \"><em class=\"html-em xdj266r x11i5rnm xat24cr x1mh8g0r xexx8yu x4uap5 x18d9i69 xkhd6sd x1hl2dhg x16tdsg8 x1vvkbs\">Przy stajence w czas bo\u017conarodzeniowy czuwamy,<\/em><\/span><\/span><\/div>\n<\/div>\n<div class=\"html-div xdj266r x11i5rnm xat24cr x1mh8g0r xexx8yu x4uap5 x18d9i69 xkhd6sd\">\n<div class=\"html-div xdj266r x11i5rnm x1mh8g0r xexx8yu x4uap5 x18d9i69 xkhd6sd x1e56ztr\"><span class=\"x193iq5w xeuugli x13faqbe x1vvkbs x1xmvt09 x1f6kntn xvq8zen xo1l8bm xzsf02u tekst-czarny\"><span class=\"html-span xdj266r x11i5rnm xat24cr x1mh8g0r xexx8yu x4uap5 x18d9i69 xkhd6sd x1hl2dhg x16tdsg8 x1vvkbs \"><em class=\"html-em xdj266r x11i5rnm xat24cr x1mh8g0r xexx8yu x4uap5 x18d9i69 xkhd6sd x1hl2dhg x16tdsg8 x1vvkbs\">a w ferie zimowe &#8222;Dzieln\u0105 band\u0119&#8221; w kinie ogl\u0105damy.<\/em><\/span><\/span><\/div>\n<\/div>\n<div class=\"html-div xdj266r x11i5rnm xat24cr x1mh8g0r xexx8yu x4uap5 x18d9i69 xkhd6sd\">\n<div class=\"html-div xdj266r x11i5rnm x1mh8g0r xexx8yu x4uap5 x18d9i69 xkhd6sd x1e56ztr\"><span class=\"x193iq5w xeuugli x13faqbe x1vvkbs x1xmvt09 x1f6kntn xvq8zen xo1l8bm xzsf02u tekst-czarny\"><span class=\"html-span xdj266r x11i5rnm xat24cr x1mh8g0r xexx8yu x4uap5 x18d9i69 xkhd6sd x1hl2dhg x16tdsg8 x1vvkbs \"><em class=\"html-em xdj266r x11i5rnm xat24cr x1mh8g0r xexx8yu x4uap5 x18d9i69 xkhd6sd x1hl2dhg x16tdsg8 x1vvkbs\">To w\u0142a\u015bnie my &#8211; Dzieci Maryi z parafii Benedykta &#8211;<\/em><\/span><\/span><\/div>\n<\/div>\n<div class=\"html-div xdj266r x11i5rnm xat24cr x1mh8g0r xexx8yu x4uap5 x18d9i69 xkhd6sd\">\n<div class=\"html-div xdj266r x11i5rnm x1mh8g0r xexx8yu x4uap5 x18d9i69 xkhd6sd x1e56ztr\"><span class=\"x193iq5w xeuugli x13faqbe x1vvkbs x1xmvt09 x1f6kntn xvq8zen xo1l8bm xzsf02u tekst-czarny\"><span class=\"html-span xdj266r x11i5rnm xat24cr x1mh8g0r xexx8yu x4uap5 x18d9i69 xkhd6sd x1hl2dhg x16tdsg8 x1vvkbs \"><em class=\"html-em xdj266r x11i5rnm xat24cr x1mh8g0r xexx8yu x4uap5 x18d9i69 xkhd6sd x1hl2dhg x16tdsg8 x1vvkbs\">dziewczyny do ta\u0144ca i do r\u00f3\u017ca\u0144ca!<\/em><\/span><\/span><\/div>\n<div><\/div>\n<div>\n<div id='gallery-1' class='gallery galleryid-34105 gallery-columns-2 gallery-size-medium'><figure class='gallery-item'>\n\t\t\t<div class='gallery-icon portrait'>\n\t\t\t\t<a href='https:\/\/ravpsd.hekko24.pl\/ben\/dzieci-maryi1\/'><img width=\"196\" height=\"300\" src=\"https:\/\/ravpsd.hekko24.pl\/ben\/wp-content\/uploads\/2025\/10\/dzieci-maryi1-196x300.jpeg\" class=\"attachment-medium size-medium\" alt=\"\" \/><\/a>\n\t\t\t<\/div><\/figure><figure class='gallery-item'>\n\t\t\t<div class='gallery-icon portrait'>\n\t\t\t\t<a href='https:\/\/ravpsd.hekko24.pl\/ben\/dzieci-maryi4\/'><img width=\"225\" height=\"300\" src=\"https:\/\/ravpsd.hekko24.pl\/ben\/wp-content\/uploads\/2025\/10\/dzieci-maryi4-225x300.jpeg\" class=\"attachment-medium size-medium\" alt=\"\" \/><\/a>\n\t\t\t<\/div><\/figure><figure class='gallery-item'>\n\t\t\t<div class='gallery-icon landscape'>\n\t\t\t\t<a href='https:\/\/ravpsd.hekko24.pl\/ben\/dzieci-maryi3\/'><img width=\"300\" height=\"225\" src=\"https:\/\/ravpsd.hekko24.pl\/ben\/wp-content\/uploads\/2025\/10\/dzieci-maryi3-300x225.jpeg\" class=\"attachment-medium size-medium\" alt=\"\" \/><\/a>\n\t\t\t<\/div><\/figure><figure class='gallery-item'>\n\t\t\t<div class='gallery-icon portrait'>\n\t\t\t\t<a href='https:\/\/ravpsd.hekko24.pl\/ben\/dzieci-maryi2\/'><img width=\"225\" height=\"300\" src=\"https:\/\/ravpsd.hekko24.pl\/ben\/wp-content\/uploads\/2025\/10\/dzieci-maryi2-225x300.jpeg\" class=\"attachment-medium size-medium\" alt=\"\" \/><\/a>\n\t\t\t<\/div><\/figure>\n\t\t<\/div>\n\n<\/div>\n<div><\/div>\n<\/div>\n<\/div>\t\t\t\t\t\t\t<\/div>\n\t\t\t\t\t\t<\/div>\n\t\t\t\t\t\n\t\t\t\t\t\t<div id=\"section-f817116-4\" class=\"gem-tta-panel \" data-vc-content=\".gem-tta-panel-body\">\n\t\t\t\t\t\t\t<div class=\"gem-tta-panel-heading\">\n\t\t\t\t\t\t\t\t<h4 class=\"gem-tta-panel-title\">\n\t\t\t\t\t\t\t\t\t<a href=\"#section-f817116-4\" data-vc-accordion data-vc-container=\".gem-tta-container\">\n\t\t\t\t\t\t\t\t\t\t\t\t\t\t\t\t\t\t\t\t<span class=\"gem-tta-title-text\">\n\t\t\t\t\t\t\t\t\t\t\tDzieci komunijne\t\t\t\t\t\t\t\t\t\t<\/span>\n\t\t\t\t\t\t\t\t\t<\/a>\n\t\t\t\t\t\t\t\t<\/h4>\n\t\t\t\t\t\t\t<\/div>\n\t\t\t\t\t\t\t<div class=\"gem-tta-panel-body gem-tta-panel-respbody\">\n\t\t\t\t\t\t\t\t<div class=\"gem-text-output\"><p><span class=\"x193iq5w xeuugli x13faqbe x1vvkbs x1xmvt09 x1lliihq x1s928wv xhkezso x1gmr53x x1cpjm7i x1fgarty x1943h6x xudqn12 x3x7a5m x1f6kntn xvq8zen xo1l8bm xzsf02u tekst-czarny\" dir=\"auto\"><span class=\"x193iq5w xeuugli x13faqbe x1vvkbs x1xmvt09 x1f6kntn xvq8zen xo1l8bm xzsf02u \">Dzieci komunijne spotykaj\u0105 si\u0119\u00a0<strong>w pierwszy i trzeci pi\u0105tek miesi\u0105ca o<\/strong><span class=\"html-span xdj266r x11i5rnm xat24cr x1mh8g0r xexx8yu x4uap5 x18d9i69 xkhd6sd x1hl2dhg x16tdsg8 x1vvkbs \"><strong class=\"html-strong xdj266r x11i5rnm xat24cr x1mh8g0r xexx8yu x4uap5 x18d9i69 xkhd6sd x1hl2dhg x16tdsg8 x1vvkbs x1s688f\">\u00a0godz. 16.15\u00a0<\/strong>w<\/span>\u00a0ko\u015bciele.<\/span><\/span><\/p>\n<p><span class=\"x193iq5w xeuugli x13faqbe x1vvkbs x1xmvt09 x1lliihq x1s928wv xhkezso x1gmr53x x1cpjm7i x1fgarty x1943h6x xudqn12 x3x7a5m x1f6kntn xvq8zen xo1l8bm xzsf02u tekst-czarny\" dir=\"auto\"><span class=\"x193iq5w xeuugli x13faqbe x1vvkbs x1xmvt09 x1f6kntn xvq8zen xo1l8bm xzsf02u \">Szczeg\u00f3\u0142y u pani Klaudii Sznapki.<\/span><\/span><\/p>\n<div class=\"row well-30\"><\/div>\n<\/div>\t\t\t\t\t\t\t<\/div>\n\t\t\t\t\t\t<\/div>\n\t\t\t\t\t\n\t\t\t\t\t\t<div id=\"section-f817116-5\" class=\"gem-tta-panel \" data-vc-content=\".gem-tta-panel-body\">\n\t\t\t\t\t\t\t<div class=\"gem-tta-panel-heading\">\n\t\t\t\t\t\t\t\t<h4 class=\"gem-tta-panel-title\">\n\t\t\t\t\t\t\t\t\t<a href=\"#section-f817116-5\" data-vc-accordion data-vc-container=\".gem-tta-container\">\n\t\t\t\t\t\t\t\t\t\t\t\t\t\t\t\t\t\t\t\t<span class=\"gem-tta-title-text\">\n\t\t\t\t\t\t\t\t\t\t\tRodzice dzieci komunijnych\t\t\t\t\t\t\t\t\t\t<\/span>\n\t\t\t\t\t\t\t\t\t<\/a>\n\t\t\t\t\t\t\t\t<\/h4>\n\t\t\t\t\t\t\t<\/div>\n\t\t\t\t\t\t\t<div class=\"gem-tta-panel-body gem-tta-panel-respbody\">\n\t\t\t\t\t\t\t\t<div class=\"gem-text-output\"><p><span class=\"x193iq5w xeuugli x13faqbe x1vvkbs x1xmvt09 x1lliihq x1s928wv xhkezso x1gmr53x x1cpjm7i x1fgarty x1943h6x xudqn12 x3x7a5m x1f6kntn xvq8zen xo1l8bm xzsf02u tekst-czarny\" dir=\"auto\"><span class=\"x193iq5w xeuugli x13faqbe x1vvkbs x1xmvt09 x1f6kntn xvq8zen xo1l8bm xzsf02u \"><span class=\"html-span xdj266r x11i5rnm xat24cr x1mh8g0r xexx8yu x4uap5 x18d9i69 xkhd6sd x1hl2dhg x16tdsg8 x1vvkbs \"><strong class=\"html-strong xdj266r x11i5rnm xat24cr x1mh8g0r xexx8yu x4uap5 x18d9i69 xkhd6sd x1hl2dhg x16tdsg8 x1vvkbs x1s688f\">Rodzice dzieci komunijnych\u00a0<\/strong>spotykaj\u0105 si\u0119\u00a0 w\u00a0<\/span>wybrane dni<strong>\u00a0o<\/strong><span class=\"html-span xdj266r x11i5rnm xat24cr x1mh8g0r xexx8yu x4uap5 x18d9i69 xkhd6sd x1hl2dhg x16tdsg8 x1vvkbs \"><strong class=\"html-strong xdj266r x11i5rnm xat24cr x1mh8g0r xexx8yu x4uap5 x18d9i69 xkhd6sd x1hl2dhg x16tdsg8 x1vvkbs x1s688f\">\u00a0godz. 19.15\u00a0<\/strong>w\u00a0<\/span>salkach pod ko\u015bcio\u0142em.<\/span><\/span><\/p>\n<p><span class=\"x193iq5w xeuugli x13faqbe x1vvkbs x1xmvt09 x1lliihq x1s928wv xhkezso x1gmr53x x1cpjm7i x1fgarty x1943h6x xudqn12 x3x7a5m x1f6kntn xvq8zen xo1l8bm xzsf02u tekst-czarny\" dir=\"auto\"><span class=\"x193iq5w xeuugli x13faqbe x1vvkbs x1xmvt09 x1f6kntn xvq8zen xo1l8bm xzsf02u \">Szczeg\u00f3\u0142y u ks. proboszcza.<\/span><\/span><\/p>\n<\/div>\t\t\t\t\t\t\t<\/div>\n\t\t\t\t\t\t<\/div>\n\t\t\t\t\t\n\t\t\t\t\t\t<div id=\"section-f817116-6\" class=\"gem-tta-panel \" data-vc-content=\".gem-tta-panel-body\">\n\t\t\t\t\t\t\t<div class=\"gem-tta-panel-heading\">\n\t\t\t\t\t\t\t\t<h4 class=\"gem-tta-panel-title\">\n\t\t\t\t\t\t\t\t\t<a href=\"#section-f817116-6\" data-vc-accordion data-vc-container=\".gem-tta-container\">\n\t\t\t\t\t\t\t\t\t\t\t\t\t\t\t\t\t\t\t\t<span class=\"gem-tta-title-text\">\n\t\t\t\t\t\t\t\t\t\t\tKandydaci do bierzmowania\t\t\t\t\t\t\t\t\t\t<\/span>\n\t\t\t\t\t\t\t\t\t<\/a>\n\t\t\t\t\t\t\t\t<\/h4>\n\t\t\t\t\t\t\t<\/div>\n\t\t\t\t\t\t\t<div class=\"gem-tta-panel-body gem-tta-panel-respbody\">\n\t\t\t\t\t\t\t\t<div class=\"gem-text-output\"><p><span class=\"tekst-standard tekst-wyrozniony\"><strong>Kandydat\u00f3w do bi<span class=\"tekst-ozdobny\">erzmowania\u00a0<\/span><\/strong><\/span><span class=\"tekst-standard tekst-wyrozniony\"><strong>z klas \u00f3smych i szk\u00f3\u0142 \u015brednich,\u00a0<\/strong><\/span><span class=\"tekst-standard\">kt\u00f3rzy b\u0119d\u0105 przygotowywa\u0107 si\u0119\u00a0<\/span><span class=\"tekst-standard\">i przyst\u0119powa\u0107\u00a0<\/span><span class=\"tekst-standard\">do tego sakramentu\u00a0<\/span><span class=\"tekst-standard\">w naszej parafii,\u00a0<\/span><span class=\"tekst-standard\"><strong>prosimy o pobranie\u00a0<\/strong><\/span><span class=\"tekst-standard\">w kancelarii parafialnej\u00a0<\/span><span class=\"tekst-standard\"><strong>formularza zg\u0142oszeniowego\u00a0<\/strong><\/span><span class=\"tekst-standard tekst-wyrozniony\">i oddanie wype\u0142nionego do ksi\u0119\u017cy\u00a0<\/span><span class=\"tekst-standard tekst-wyrozniony\"><strong>do niedzieli 21 wrze\u015bnia.<\/strong><\/span><\/p>\n<p><span class=\"tekst-standard\">DO TEGO SAKRAMENTU \u00d3SMOKLASI\u015aCI\u00a0<\/span><span class=\"tekst-standard\"><strong>PRZYGOTOWUJ\u0104 SI\u0118 I PRZYST\u0118PUJ\u0104\u00a0<\/strong><\/span><strong><span class=\"tekst-wyrozniony\">WE W\u0141ASNEJ PARAFII\u00a0<\/span><\/strong><strong><span class=\"tekst-wyrozniony\">AKTUALNEGO\u00a0<\/span><\/strong><strong><span class=\"tekst-wyrozniony\">MIEJSCA ZAMIESZKANIA,\u00a0<\/span><\/strong><span class=\"tekst-wyrozniony\">A NIE Z KLAS\u0104 SZKO\u0141Y,\u00a0<\/span><span class=\"tekst-wyrozniony\">DO KT\u00d3REJ UCZ\u0118SZCZAJ\u0104.<\/span><\/p>\n<p><span class=\"tekst-czarny\">Szczeg\u00f3\u0142y u ks. Tomasza.<\/span><\/p>\n<hr \/>\n<p><span class=\"tekst-czarny\">Osoby doros\u0142e pragn\u0105ce\u00a0<\/span><span class=\"tekst-czarny\">uzupe\u0142ni\u0107 brak bierzmowania\u00a0<\/span><span class=\"tekst-czarny\">prosimy o kontakt z ks. proboszczem.<\/span><\/p>\n<hr \/>\n<p><span class=\"tekst-czarny\"><strong><span class=\"html-span xdj266r x11i5rnm xat24cr x1mh8g0r xexx8yu x4uap5 x18d9i69 xkhd6sd x1hl2dhg x16tdsg8 x1vvkbs \"><strong class=\"html-strong xdj266r x11i5rnm xat24cr x1mh8g0r xexx8yu x4uap5 x18d9i69 xkhd6sd x1hl2dhg x16tdsg8 x1vvkbs x1s688f\">Kandydaci do bierzmowania z klas 8\u00a0<\/strong><\/span><\/strong><span class=\"html-span xdj266r x11i5rnm xat24cr x1mh8g0r xexx8yu x4uap5 x18d9i69 xkhd6sd x1hl2dhg x16tdsg8 x1vvkbs \">spotykaj\u0105 si\u0119<\/span><strong><span class=\"html-span xdj266r x11i5rnm xat24cr x1mh8g0r xexx8yu x4uap5 x18d9i69 xkhd6sd x1hl2dhg x16tdsg8 x1vvkbs \"><strong class=\"html-strong xdj266r x11i5rnm xat24cr x1mh8g0r xexx8yu x4uap5 x18d9i69 xkhd6sd x1hl2dhg x16tdsg8 x1vvkbs x1s688f\">\u00a0w\u00a0<\/strong><\/span>wybrane dni\u00a0<\/strong>w ko\u015bciele i w salkach pod ko\u015bcio\u0142em.<\/span><\/p>\n<p><span class=\"tekst-czarny\"><strong>Kandydaci do bierzmowania z klas 6 i 7<\/strong>\u00a0spotykaj\u0105 si\u0119\u00a0<strong>w wybrane dni<\/strong><span class=\"html-span xdj266r x11i5rnm xat24cr x1mh8g0r xexx8yu x4uap5 x18d9i69 xkhd6sd x1hl2dhg x16tdsg8 x1vvkbs \"><strong class=\"html-strong xdj266r x11i5rnm xat24cr x1mh8g0r xexx8yu x4uap5 x18d9i69 xkhd6sd x1hl2dhg x16tdsg8 x1vvkbs x1s688f\">\u00a0<\/strong>w<\/span>\u00a0ko\u015bciele.<\/span><\/p>\n<div class=\"html-div xdj266r x11i5rnm xat24cr x1mh8g0r xexx8yu x4uap5 x18d9i69 xkhd6sd\">\n<div class=\"html-div xdj266r x11i5rnm x1mh8g0r xexx8yu x4uap5 x18d9i69 xkhd6sd x1e56ztr\"><span class=\"x193iq5w xeuugli x13faqbe x1vvkbs x1xmvt09 x1f6kntn xvq8zen xo1l8bm xzsf02u tekst-czarny\"><strong>\u00a0<\/strong><\/span><\/div>\n<div class=\"html-div xdj266r x11i5rnm x1mh8g0r xexx8yu x4uap5 x18d9i69 xkhd6sd x1e56ztr\"><span class=\"x193iq5w xeuugli x13faqbe x1vvkbs x1xmvt09 x1f6kntn xvq8zen xo1l8bm xzsf02u tekst-czarny\">Szczeg\u00f3\u0142y u ks. Tomasza.<\/span><\/div>\n<\/div>\n<\/div>\t\t\t\t\t\t\t<\/div>\n\t\t\t\t\t\t<\/div>\n\t\t\t\t\t\n\t\t\t\t\t\t<div id=\"section-f817116-7\" class=\"gem-tta-panel \" data-vc-content=\".gem-tta-panel-body\">\n\t\t\t\t\t\t\t<div class=\"gem-tta-panel-heading\">\n\t\t\t\t\t\t\t\t<h4 class=\"gem-tta-panel-title\">\n\t\t\t\t\t\t\t\t\t<a href=\"#section-f817116-7\" data-vc-accordion data-vc-container=\".gem-tta-container\">\n\t\t\t\t\t\t\t\t\t\t\t\t\t\t\t\t\t\t\t\t<span class=\"gem-tta-title-text\">\n\t\t\t\t\t\t\t\t\t\t\tBractwo Szkaplerzne\t\t\t\t\t\t\t\t\t\t<\/span>\n\t\t\t\t\t\t\t\t\t<\/a>\n\t\t\t\t\t\t\t\t<\/h4>\n\t\t\t\t\t\t\t<\/div>\n\t\t\t\t\t\t\t<div class=\"gem-tta-panel-body gem-tta-panel-respbody\">\n\t\t\t\t\t\t\t\t<div class=\"gem-text-output\"><p><span class=\"x193iq5w xeuugli x13faqbe x1vvkbs x1xmvt09 x1lliihq x1s928wv xhkezso x1gmr53x x1cpjm7i x1fgarty x1943h6x xudqn12 x3x7a5m x1f6kntn xvq8zen xo1l8bm xzsf02u tekst-czarny \" dir=\"auto\"><span class=\"x193iq5w xeuugli x13faqbe x1vvkbs x1xmvt09 x1f6kntn xvq8zen xo1l8bm xzsf02u \">Ch\u0119tnych zapraszamy do do\u0142\u0105czenia do naszej grupy.\u00a0<span class=\"html-span xdj266r x11i5rnm xat24cr x1mh8g0r xexx8yu x4uap5 x18d9i69 xkhd6sd x1hl2dhg x16tdsg8 x1vvkbs \"><strong class=\"html-strong xdj266r x11i5rnm xat24cr x1mh8g0r xexx8yu x4uap5 x18d9i69 xkhd6sd x1hl2dhg x16tdsg8 x1vvkbs x1s688f\">Spotkania modlitewno-formacyjne odbywaj\u0105 si\u0119 w poniedzia\u0142ki o godz. 19.15 w salce przed ko\u015bcio\u0142em.<\/strong><\/span><\/span><\/span><\/p>\n<p><span class=\"tekst-czarny\"><span class=\"x193iq5w xeuugli x13faqbe x1vvkbs x1xmvt09 x1lliihq x1s928wv xhkezso x1gmr53x x1cpjm7i x1fgarty x1943h6x xudqn12 x3x7a5m x1f6kntn xvq8zen xo1l8bm xzsf02u\" dir=\"auto\"><span class=\"x193iq5w xeuugli x13faqbe x1vvkbs x1xmvt09 x1f6kntn xvq8zen xo1l8bm xzsf02u \">Szczeg\u00f3\u0142y u ks. Tomasza i pani Haliny J\u0119czalik.<\/span><\/span><\/span><\/p>\n<hr \/>\n<p><span class=\"tekst-czarny\"><strong><span class=\"tekst-wyrozniony \">Historia szkaplerza<\/span><\/strong><\/span><\/p>\n<p><span class=\"tekst-czarny\"><span class=\"tekst-standard \">Historia szkaplerza jako znaku Maryi i nabo\u017ce\u0144stwa z nim zwi\u0105zanego bierze sw\u00f3j pocz\u0105tek z aktu zawierzenia karmelit\u00f3w Matce Bo\u017cej. Odpowiedzi\u0105 na pro\u015bby zakonnik\u00f3w i usilne modlitwy do Maryi by\u0142o Jej objawienie. W nocy z 15 na 16 lipca 1251 r. genera\u0142 Zakonu Karmelit\u00f3w \u015bw. Szymon Stock ujrza\u0142 Maryj\u0119 w otoczeniu anio\u0142\u00f3w, kt\u00f3ra wskazuj\u0105c na jego szkaplerz, powiedzia\u0142a: \u201e<\/span><span class=\"tekst-standard \">To b\u0119dzie przywilejem dla ciebie i wszystkich karmelit\u00f3w. Kto w nim umrze, nie zazna ognia piekielnego. Oto znak zbawienia, ratunek w niebezpiecze\u0144stwach, przymierze pokoju i wiecznego zobowi\u0105zania\u201d.<\/span><\/span><\/p>\n<p><span class=\"tekst-czarny\">W nast\u0119pnym wieku Maryja objawi\u0142a si\u0119 papie\u017cowi Janowi XXII, obiecuj\u0105c, \u017ce zmar\u0142ych cz\u0142onk\u00f3w zakonu i bractwa nosz\u0105cych szkaplerz i spe\u0142niaj\u0105cych pewne warunki wybawia\u0107 b\u0119dzie z czy\u015b\u0107ca w pierwsz\u0105 sobot\u0119 po ich \u015bmierci. Okre\u015bli\u0142a w\u00f3wczas Karmel jako \u201eM\u00f3j Zakon\u201d. Papie\u017c og\u0142osi\u0142 to w tzw. bulli sobotniej 3 marca 1322 r.\u00a0<span class=\"tekst-standard \">Przywileje te potwierdzali, nadaj\u0105c te\u017c odpusty, liczni papie\u017ce, przede wszystkim Klemens VII bull\u0105\u00a0<em>Ex clementi<\/em>\u00a0z dnia 12 sierpnia 1530 r. Papie\u017ce Pius XI, Pius XII, Jan XXIII i Pawe\u0142 VI polecali szkaplerz jako podstawowe, obok R\u00f3\u017ca\u0144ca, nabo\u017ce\u0144stwo maryjne. Czyn\u0142 to r\u00f3wnie\u017c \u015bw. Jan Pawe\u0142 II, kt\u00f3ry tak jak jego poprzednicy, nale\u017ca\u0142 do bractwa. O noszeniu przez siebie szkaplerza Ojciec \u015awi\u0119ty wielokrotnie si\u0119 wypowiada\u0142. Z<\/span><\/span><span class=\"tekst-standard tekst-czarny\">\u00a0okazji 750. rocznicy objawienia szkaplerza 25 marca 2001 r. wystosowa\u0142 list do prze\u0142o\u017conych generalnych obu ga\u0142\u0119zi zakonu (karmelit\u00f3w i karmelit\u00f3w bosych), w kt\u00f3rym ukaza\u0142 dziedzictwo dojrza\u0142ego nabo\u017ce\u0144stwa do Naj\u015bwi\u0119tszej Maryi Panny w dziejach tego zakonu oraz skutki owocnego noszenia szkaplerza. Ponadto wszystkim zakonnikom i \u015bwieckim z Karmelu \u017cyczy\u0142 wzrostu i udzieli\u0142 apostolskiego b\u0142ogos\u0142awie\u0144stwa.<\/span><\/p>\n<p><span class=\"tekst-czarny\"><span class=\"tekst-standard \">W najwa\u017cniejszym dokumencie XX-wiecznym o szkaplerzu, li\u015bcie apostolskim z 11 lutego 1950 r., Pius XII stwierdzi\u0142:\u00a0<\/span><span class=\"tekst-standard \">\u201eNie chodzi tu bowiem o rzecz ma\u0142ej wagi, lecz o zdobycie wiecznego zbawienia wed\u0142ug obietnicy podanej przez Naj\u015bwi\u0119tsz\u0105 Maryj\u0119 Pann\u0119. Chodzi tu o najdonio\u015blejsz\u0105 spraw\u0119 dla ka\u017cdego i o w\u0142a\u015bciwe jej przeprowadzenie. Bez w\u0105tpienia szkaplerz jest niejako \u015bwi\u0119t\u0105 szat\u0105 maryjn\u0105, znakiem i gwarancj\u0105 opieki Bo\u017cej Rodzicielki\u201d.<\/span><\/span><\/p>\n<p><span class=\"tekst-czarny\">\u00a0<\/span><span class=\"tekst-standard tekst-czarny\">Szkaplerz nosili liczni w\u0142adcy europejscy, w Polsce niemal wszyscy kr\u00f3lowie, pocz\u0105wszy od \u015bw. Jadwigi i W\u0142adys\u0142awa Jagie\u0142\u0142y, kt\u00f3rzy sprowadzili karmelit\u00f3w do Polski w 1396 r. i zostali pierwszymi cz\u0142onkami Bractwa; szlachta, mieszczanie i ch\u0142opi; rycerze, powsta\u0144cy i \u017co\u0142nierze. Widnieje on na piersi Rejtana na obrazie Jana Matejki. Bardzo go ceni\u0105c, nosili go \u015awi\u0119ci spoza Karmelu, jak np.: \u015bw. Jan Bosko, \u015bw. Maksymilian Kolbe, \u015bw. Jan Vianey, \u015bw. Wincenty a Paulo, \u015bw. Alfons Liguori, \u015bw. Piotr Klawer, \u015bw. Robert Bellarmin i wielu innych.\u00a0<\/span><span class=\"tekst-standard tekst-czarny\">Sama Matka Bo\u017ca, ko\u0144cz\u0105c swe objawienia w Lourdes i Fatimie, ukaza\u0142a si\u0119 jako Szkaplerzna, wyra\u017caj\u0105c wol\u0119, aby wszyscy nosili szkaplerz. Siostra \u0141ucja g\u0142osi, \u017ce \u201er\u00f3\u017caniec i szkaplerz s\u0105 nierozdzielne\u201d. R\u00f3wnie\u017c p\u00f3\u017aniejsze i aktualne objawienia zawieraj\u0105 to or\u0119dzie.\u00a0<\/span><span class=\"tekst-czarny\"><span class=\"tekst-standard \">Na wz\u00f3r szkaplerza karmelita\u0144skiego powsta\u0142y p\u00f3\u017aniej i inne, jednak\u017ce ten pozosta\u0142 najwa\u017cniejszy i najbardziej powszechny jako szata Maryi. Jest on znakiem i wezwaniem do po\u015bwi\u0119cenia si\u0119 Jej Bolesnemu i Niepokalanemu Sercu.<\/span><\/span><\/p>\n<hr \/>\n<p><span class=\"tekst-czarny\"><strong><span class=\"tekst-wyrozniony \">Podstawowe zasady<\/span><\/strong><\/span><\/p>\n<p><span class=\"tekst-standard tekst-czarny\">Szkaplerz karmelita\u0144ski s\u0105 to dwa prostok\u0105tne p\u0142atki sukna we\u0142nianego (zwykle z habitu) koloru br\u0105zowego, po\u0142\u0105czone dwiema tasiemkami. Na jednym p\u0142atku ma by\u0107 wizerunek Matki Bo\u017cej Szkaplerznej, a na drugim &#8211; Naj\u015bwi\u0119tszego Serca Pana Jezusa, nie s\u0105 one jednak konieczne. Nosi si\u0119 go na szyi tak, aby jedna cz\u0119\u015b\u0107 spoczywa\u0142a na piersiach, a druga na plecach. Nie mo\u017cna ca\u0142ego szkaplerza schowa\u0107, np. w woreczku, ani obszy\u0107 p\u0142\u00f3tnem &#8211; jaka\u015b cz\u0119\u015b\u0107 br\u0105zowa musi by\u0107 ods\u0142oni\u0119ta.<\/span><\/p>\n<p><span class=\"tekst-czarny\">\u00a0<\/span><span class=\"tekst-standard tekst-czarny\">Szkaplerz trzeba po\u015bwi\u0119ci\u0107 koniecznie wed\u0142ug rytu. W\u0142adz\u0119 przyjmowania do bractwa (zwanego tak\u017ce arcybractwem, gdy\u017c mo\u017ce ono zak\u0142ada\u0107 filie) maj\u0105 tylko ojcowie karmelici lub upowa\u017cnieni przez ich genera\u0142\u00f3w i prowincja\u0142\u00f3w kap\u0142ani. Kto tylko przyj\u0105\u0142 szkaplerz, nale\u017cy do tzw. Rodziny Karmelita\u0144skiej (og\u00f3lne poj\u0119cie oznaczaj\u0105ce w\u0142a\u015bnie wszystkich nosz\u0105cych szkaplerz, przez co w jaki\u015b spos\u00f3b z\u0142\u0105czonych z Karmelem). Je\u017celi chce pe\u0142nego uczestnictwa w dobrach zakonu, musi wys\u0142a\u0107 swoje imi\u0119 i nazwisko do klasztoru karmelita\u0144skiego lub ko\u015bcio\u0142a, przy kt\u00f3rym jest formalnie erygowane bractwo, celem wpisania do ksi\u0119gi bractwa. Najlepiej dokona\u0107 tego osobi\u015bcie i poprosi\u0107 o wypowiedzenie formu\u0142y w\u0142\u0105czenia do bractwa.<\/span><\/p>\n<p><span class=\"tekst-standard tekst-czarny\">Szkaplerz we\u0142niany mo\u017cna zast\u0119powa\u0107 tzw. medalikiem szkaplerznym (koniecznie na jednej stronie Matka Bo\u017ca, na drugiej &#8211; Serce Jezusa) od 1910 r. Musi on by\u0107 po\u015bwi\u0119cony wed\u0142ug tego samego rytu, noszony nieustannie na osobie, godnie. Noszenie zawsze tylko dla wygody czy ze wstydu medalika zamiast szkaplerza nie daje jednak poczucia okrycia p\u0142aszczem Maryi i ca\u0142ej jego symboliki, a nawet jest w\u0105tpliwe (od pocz\u0105tku by\u0142y kontrowersje, czy przynosi to pe\u0142ni\u0119 \u0142ask p\u0142yn\u0105c\u0105 z tego nabo\u017ce\u0144stwa, cho\u0107 obecnie w wi\u0119kszo\u015bci publikacji twierdzi si\u0119, \u017ce tak). Przyj\u0119cie szkaplerza musi si\u0119 odby\u0107 przy u\u017cyciu we\u0142nianego i po\u015bwi\u0119conego. P\u00f3\u017aniej mo\u017cna nosi\u0107 niepo\u015bwi\u0119cony, lecz dobrze jest go po\u015bwi\u0119ci\u0107, cho\u0107by \u201ezwyczajnie\u201d.<\/span><span class=\"tekst-czarny\"><br \/>\n<\/span><\/p>\n<hr \/>\n<p><span class=\"tekst-czarny\"><strong><span class=\"tekst-wyrozniony \">Przywileje szkaplerzne<\/span><\/strong><\/span><span class=\"tekst-czarny\"><br \/>\n<\/span><\/p>\n<p><span class=\"tekst-standard tekst-czarny \">1. Ci, kt\u00f3rzy nosz\u0105 szkaplerz, znajduj\u0105 si\u0119 pod szczeg\u00f3ln\u0105 opiek\u0105 Matki Bo\u017cej w trudach i niebezpiecze\u0144stwach \u017cycia ziemskiego.<\/span><\/p>\n<p><span class=\"tekst-standard tekst-czarny \">2. Ze znakiem szkaplerza zwi\u0105zana jest obietnica szcz\u0119\u015bliwej \u015bmierci i zachowanie od wiecznego pot\u0119pienia.<\/span><\/p>\n<p><span class=\"tekst-standard tekst-czarny \">3. Tak zwany przywilej sobotni &#8211; obietnica, \u017ce Matka Jezusa ju\u017c w pierwsz\u0105 sobot\u0119 po \u015bmierci uwolni z czy\u015b\u0107ca tych, kt\u00f3rzy za \u017cycia zachowywali czysto\u015b\u0107 wed\u0142ug stanu, odmawiali przepisane modlitwy i nosili szkaplerz.<\/span><\/p>\n<p><span class=\"tekst-standard tekst-czarny \">Ponadto przyj\u0119cie szkaplerza wtacza osob\u0119 do Rodziny Karmelita\u0144skiej i otwiera drog\u0119 do udzia\u0142u w dobrach duchowych zakonu, tzn. w odpustach, zas\u0142ugach jego \u015awi\u0119tych i B\u0142ogos\u0142awionych, modlitwach&#8230;<\/span><\/p>\n<hr \/>\n<p><span class=\"tekst-czarny\"><strong><span class=\"tekst-wyrozniony \">Wsp\u00f3\u0142praca z \u0142ask\u0105<\/span><\/strong><\/span><span class=\"tekst-czarny\"><br \/>\n<\/span><\/p>\n<p><span class=\"tekst-standard tekst-czarny\">Aby \u0142aski zwi\u0105zane ze szkaplerzem nie by\u0142y daremne, konieczne jest podj\u0119cie dzie\u0142a wsp\u00f3\u0142pracy. Maryja obdarowuje nas, ale cz\u0142owiek nie mo\u017ce pozosta\u0107 bierny. St\u0105d te\u017c trzeba:<\/span><\/p>\n<p><span class=\"tekst-standard tekst-czarny\">1. Na\u015bladowa\u0107 Maryj\u0119 &#8211; to istota nabo\u017ce\u0144stwa szkaplerznego. Chodzi o upodobnienie swego sposobu post\u0119powania i ca\u0142ego \u017cycia do \u017cycia Matki Jezusa.<\/span><\/p>\n<p><span class=\"tekst-standard tekst-czarny\">2. Nosi\u0107 nieustannie jej znak &#8211; szkaplerz (w formie p\u0142\u00f3ciennej lub medalika) &#8211; wyra\u017ca przynale\u017cno\u015b\u0107 do Maryi i \u017cycie na co dzie\u0144 warto\u015bciami bliskimi Jej Niepokalanemu Sercu: pokor\u0105, czysto\u015bci\u0105 wed\u0142ug stanu, zawierzeniem Bo\u017cej opatrzno\u015bci.<\/span><\/p>\n<p><span class=\"tekst-standard tekst-czarny\">3. Troszczy\u0107 si\u0119 o dobro wszystkich ludzi &#8211; tak jak Maryja dostrzega\u0107 innych ludzi i ich problemy. Nie zamyka\u0107 si\u0119 w \u015bwiecie osobistych spraw.<\/span><\/p>\n<p><span class=\"tekst-standard tekst-czarny\">4. Odmawia\u0107 wybran\u0105 modlitw\u0119 &#8211; podczas obrz\u0119du na\u0142o\u017cenia szkaplerza kap\u0142an poleca codziennie odmawia\u0107 jedn\u0105 z maryjnych modlitw. Trzynastowieczna wizja szkaplerza u\u0142atwi\u0142a wielu osobom odnalezienie drogi do Boga. Ten dar ofiarowany przez Maryj\u0119 i odpowiedzialnie przyj\u0119ty przez cz\u0142owieka r\u00f3wnie\u017c na pocz\u0105tku XXI wieku mo\u017ce by\u0107 pomoc\u0105 w takim kszta\u0142towaniu swojego \u017cycia, aby ono zapewni\u0142o szcz\u0119\u015bcie wieczne.<\/span><\/p>\n<p><em><span class=\"tekst-standard tekst-czarny\">\u0179r\u00f3d\u0142o:\u00a0<a href=\"http:\/\/adonai.pl\/\">http:\/\/adonai.pl<\/a><\/span><\/em><\/p>\n<\/div>\t\t\t\t\t\t\t<\/div>\n\t\t\t\t\t\t<\/div>\n\t\t\t\t\t\n\t\t\t\t\t\t<div id=\"section-f817116-8\" class=\"gem-tta-panel \" data-vc-content=\".gem-tta-panel-body\">\n\t\t\t\t\t\t\t<div class=\"gem-tta-panel-heading\">\n\t\t\t\t\t\t\t\t<h4 class=\"gem-tta-panel-title\">\n\t\t\t\t\t\t\t\t\t<a href=\"#section-f817116-8\" data-vc-accordion data-vc-container=\".gem-tta-container\">\n\t\t\t\t\t\t\t\t\t\t\t\t\t\t\t\t\t\t\t\t<span class=\"gem-tta-title-text\">\n\t\t\t\t\t\t\t\t\t\t\tGrupa Benedykt\t\t\t\t\t\t\t\t\t\t<\/span>\n\t\t\t\t\t\t\t\t\t<\/a>\n\t\t\t\t\t\t\t\t<\/h4>\n\t\t\t\t\t\t\t<\/div>\n\t\t\t\t\t\t\t<div class=\"gem-tta-panel-body gem-tta-panel-respbody\">\n\t\t\t\t\t\t\t\t<div class=\"gem-text-output\"><p><span class=\"x193iq5w xeuugli x13faqbe x1vvkbs x1xmvt09 x1lliihq x1s928wv xhkezso x1gmr53x x1cpjm7i x1fgarty x1943h6x xudqn12 x3x7a5m x1f6kntn xvq8zen xo1l8bm xzsf02u tekst-czarny\" dir=\"auto\"><span class=\"x193iq5w xeuugli x13faqbe x1vvkbs x1xmvt09 x1f6kntn xvq8zen xo1l8bm xzsf02u \"><span class=\"html-span xdj266r x11i5rnm xat24cr x1mh8g0r xexx8yu x4uap5 x18d9i69 xkhd6sd x1hl2dhg x16tdsg8 x1vvkbs \"><strong class=\"html-strong xdj266r x11i5rnm xat24cr x1mh8g0r xexx8yu x4uap5 x18d9i69 xkhd6sd x1hl2dhg x16tdsg8 x1vvkbs x1s688f\">Grupa Benedykt\u00a0<\/strong>spotyka si\u0119\u00a0<strong>w\u00a0<\/strong><\/span><strong>poniedzia\u0142ki o<\/strong><span class=\"html-span xdj266r x11i5rnm xat24cr x1mh8g0r xexx8yu x4uap5 x18d9i69 xkhd6sd x1hl2dhg x16tdsg8 x1vvkbs \"><strong>\u00a0godz. 19.15<\/strong>\u00a0w<\/span>\u00a0salkach pod ko\u015bcio\u0142em.<br \/>\n<\/span><\/span><\/p>\n<p><span class=\"x193iq5w xeuugli x13faqbe x1vvkbs x1xmvt09 x1lliihq x1s928wv xhkezso x1gmr53x x1cpjm7i x1fgarty x1943h6x xudqn12 x3x7a5m x1f6kntn xvq8zen xo1l8bm xzsf02u tekst-czarny\" dir=\"auto\"><span class=\"x193iq5w xeuugli x13faqbe x1vvkbs x1xmvt09 x1f6kntn xvq8zen xo1l8bm xzsf02u \">Szczeg\u00f3\u0142y u ks. proboszcza.<\/span><\/span><\/p>\n<\/div>\t\t\t\t\t\t\t<\/div>\n\t\t\t\t\t\t<\/div>\n\t\t\t\t\t\n\t\t\t\t\t\t<div id=\"section-f817116-9\" class=\"gem-tta-panel \" data-vc-content=\".gem-tta-panel-body\">\n\t\t\t\t\t\t\t<div class=\"gem-tta-panel-heading\">\n\t\t\t\t\t\t\t\t<h4 class=\"gem-tta-panel-title\">\n\t\t\t\t\t\t\t\t\t<a href=\"#section-f817116-9\" data-vc-accordion data-vc-container=\".gem-tta-container\">\n\t\t\t\t\t\t\t\t\t\t\t\t\t\t\t\t\t\t\t\t<span class=\"gem-tta-title-text\">\n\t\t\t\t\t\t\t\t\t\t\t\u017bywy r\u00f3\u017caniec\t\t\t\t\t\t\t\t\t\t<\/span>\n\t\t\t\t\t\t\t\t\t<\/a>\n\t\t\t\t\t\t\t\t<\/h4>\n\t\t\t\t\t\t\t<\/div>\n\t\t\t\t\t\t\t<div class=\"gem-tta-panel-body gem-tta-panel-respbody\">\n\t\t\t\t\t\t\t\t<div class=\"gem-text-output\"><p><span class=\"tekst-standard tekst-czarny\"><strong>\u017bywy R\u00f3\u017caniec<\/strong>\u00a0jest zorganizowan\u0105 wsp\u00f3lnot\u0105 os\u00f3b, kt\u00f3re modl\u0105 si\u0119 codziennie na R\u00f3\u017ca\u0144cu.<\/span><\/p>\n<p><span class=\"tekst-standard tekst-czarny\">Modlitwa r\u00f3\u017ca\u0144cowa polega na rozwa\u017caniu dwudziestu tajemnic z \u017cycia Jezusa i Maryi przy jednoczesnym odmawianiu przy ka\u017cdej tajemnicy jednego \u201eOjcze nasz\u201d, dziesi\u0119ciu \u201eZdrowa\u015b Maryjo\u201d i jednego \u201eChwa\u0142a Ojcu\u201d.<\/span><\/p>\n<p><span class=\"tekst-czarny\">\u00a0<\/span><span class=\"tekst-czarny\"><span class=\"tekst-standard \">Ka\u017cda \u017bywa R\u00f3\u017ca sk\u0142ada si\u0119 z dwudziestu os\u00f3b, a ka\u017cda z nich odmawia codziennie przynajmniej jedn\u0105 tajemnic\u0119 R\u00f3\u017ca\u0144ca. Koniecznie jednak t\u0119, kt\u00f3ra zostaje powierzona do rozwa\u017cania i odmawiania raz w miesi\u0105cu przy zmianie tajemnic. Przy tej zmianie co miesi\u0105c wszystkim cz\u0142onkom przydziela si\u0119 nowe tajemnice do odmawiania, w taki jednak spos\u00f3b, aby w jednej \u017bywej R\u00f3\u017cy by\u0142y ka\u017cdego dnia odm\u00f3wione wszystkie tajemnice. Tak wi\u0119c nawet, gdy poszczeg\u00f3lni cz\u0142onkowie \u017bywej R\u00f3\u017cy odmawiaj\u0105 codziennie tylko jedn\u0105 tajemnic\u0119, to w ca\u0142ej R\u00f3\u017cy rozwa\u017cany jest ca\u0142y R\u00f3\u017caniec, czyli wszystkie cz\u0119\u015bci i tajemnice.\u00a0<\/span><span class=\"tekst-standard \">Bardzo istotne jest r\u00f3wnie\u017c to, \u017ce wszyscy cz\u0142onkowie R\u00f3\u017cy modl\u0105 si\u0119 w tej samej intencji, kt\u00f3ra jest r\u00f3wnie\u017c zmieniana co miesi\u0105c.<\/span><\/span><\/p>\n<p><span class=\"tekst-standard tekst-czarny\"><span class=\"x193iq5w xeuugli x13faqbe x1vvkbs x1xmvt09 x1lliihq x1s928wv xhkezso x1gmr53x x1cpjm7i x1fgarty x1943h6x xudqn12 x3x7a5m x1f6kntn xvq8zen xo1l8bm xzsf02u \" dir=\"auto\"><span class=\"x193iq5w xeuugli x13faqbe x1vvkbs x1xmvt09 x1f6kntn xvq8zen xo1l8bm xzsf02u \">Spotkania grupy \u017bywego R\u00f3\u017ca\u0144ca odbywaj\u0105 si\u0119 w pierwsze soboty miesi\u0105ca<strong>\u00a0o<\/strong><span class=\"html-span xdj266r x11i5rnm xat24cr x1mh8g0r xexx8yu x4uap5 x18d9i69 xkhd6sd x1hl2dhg x16tdsg8 x1vvkbs \"><strong class=\"html-strong xdj266r x11i5rnm xat24cr x1mh8g0r xexx8yu x4uap5 x18d9i69 xkhd6sd x1hl2dhg x16tdsg8 x1vvkbs x1s688f\">\u00a0godz. 8.15 w\u00a0<\/strong><\/span>salkach pod ko\u015bcio\u0142em<\/span><\/span><strong>.<\/strong><\/span><\/p>\n<p><span class=\"tekst-standard tekst-czarny\">Szczeg\u00f3\u0142y u ks. proboszcza.<\/span><\/p>\n<\/div>\t\t\t\t\t\t\t<\/div>\n\t\t\t\t\t\t<\/div>\n\t\t\t\t\t\n\t\t\t\t\t\t<div id=\"section-f817116-10\" class=\"gem-tta-panel \" data-vc-content=\".gem-tta-panel-body\">\n\t\t\t\t\t\t\t<div class=\"gem-tta-panel-heading\">\n\t\t\t\t\t\t\t\t<h4 class=\"gem-tta-panel-title\">\n\t\t\t\t\t\t\t\t\t<a href=\"#section-f817116-10\" data-vc-accordion data-vc-container=\".gem-tta-container\">\n\t\t\t\t\t\t\t\t\t\t\t\t\t\t\t\t\t\t\t\t<span class=\"gem-tta-title-text\">\n\t\t\t\t\t\t\t\t\t\t\tCh\u00f3r parafialny\t\t\t\t\t\t\t\t\t\t<\/span>\n\t\t\t\t\t\t\t\t\t<\/a>\n\t\t\t\t\t\t\t\t<\/h4>\n\t\t\t\t\t\t\t<\/div>\n\t\t\t\t\t\t\t<div class=\"gem-tta-panel-body gem-tta-panel-respbody\">\n\t\t\t\t\t\t\t\t<div class=\"gem-text-output\"><p><span class=\"x193iq5w xeuugli x13faqbe x1vvkbs x1xmvt09 x1lliihq x1s928wv xhkezso x1gmr53x x1cpjm7i x1fgarty x1943h6x xudqn12 x3x7a5m x1f6kntn xvq8zen xo1l8bm xzsf02u tekst-czarny\" dir=\"auto\"><span class=\"x193iq5w xeuugli x13faqbe x1vvkbs x1xmvt09 x1f6kntn xvq8zen xo1l8bm xzsf02u \">Osoby utalentowane wokalnie zapraszamy do do\u0142\u0105czenia do naszej grupy.<\/span><\/span><\/p>\n<p><span class=\"x193iq5w xeuugli x13faqbe x1vvkbs x1xmvt09 x1lliihq x1s928wv xhkezso x1gmr53x x1cpjm7i x1fgarty x1943h6x xudqn12 x3x7a5m x1f6kntn xvq8zen xo1l8bm xzsf02u tekst-czarny\" dir=\"auto\"><span class=\"x193iq5w xeuugli x13faqbe x1vvkbs x1xmvt09 x1f6kntn xvq8zen xo1l8bm xzsf02u \"><span class=\"html-span xdj266r x11i5rnm xat24cr x1mh8g0r xexx8yu x4uap5 x18d9i69 xkhd6sd x1hl2dhg x16tdsg8 x1vvkbs \"><strong class=\"html-strong xdj266r x11i5rnm xat24cr x1mh8g0r xexx8yu x4uap5 x18d9i69 xkhd6sd x1hl2dhg x16tdsg8 x1vvkbs x1s688f\">Pr\u00f3by ch\u00f3ru odbywaj\u0105 si\u0119 we wtorki o godz. 19.15 w salkach pod ko\u015bcio\u0142em.<\/strong><\/span><\/span><\/span><\/p>\n<p><span class=\"x193iq5w xeuugli x13faqbe x1vvkbs x1xmvt09 x1lliihq x1s928wv xhkezso x1gmr53x x1cpjm7i x1fgarty x1943h6x xudqn12 x3x7a5m x1f6kntn xvq8zen xo1l8bm xzsf02u tekst-czarny\" dir=\"auto\"><span class=\"x193iq5w xeuugli x13faqbe x1vvkbs x1xmvt09 x1f6kntn xvq8zen xo1l8bm xzsf02u \">Szczeg\u00f3\u0142y u dyrygenta pani Dominiki Kawiorskiej.<\/span><\/span><\/p>\n<div id='gallery-2' class='gallery galleryid-34105 gallery-columns-2 gallery-size-medium'><figure class='gallery-item'>\n\t\t\t<div class='gallery-icon landscape'>\n\t\t\t\t<a href='https:\/\/ravpsd.hekko24.pl\/ben\/img_9633\/'><img width=\"300\" height=\"213\" src=\"https:\/\/ravpsd.hekko24.pl\/ben\/wp-content\/uploads\/2025\/10\/IMG_9633-300x213.jpg\" class=\"attachment-medium size-medium\" alt=\"\" \/><\/a>\n\t\t\t<\/div><\/figure><figure class='gallery-item'>\n\t\t\t<div class='gallery-icon landscape'>\n\t\t\t\t<a href='https:\/\/ravpsd.hekko24.pl\/ben\/img_9699\/'><img width=\"300\" height=\"241\" src=\"https:\/\/ravpsd.hekko24.pl\/ben\/wp-content\/uploads\/2025\/10\/IMG_9699-300x241.jpg\" class=\"attachment-medium size-medium\" alt=\"\" \/><\/a>\n\t\t\t<\/div><\/figure><figure class='gallery-item'>\n\t\t\t<div class='gallery-icon landscape'>\n\t\t\t\t<a href='https:\/\/ravpsd.hekko24.pl\/ben\/img_9696\/'><img width=\"300\" height=\"206\" src=\"https:\/\/ravpsd.hekko24.pl\/ben\/wp-content\/uploads\/2025\/10\/IMG_9696-300x206.jpg\" class=\"attachment-medium size-medium\" alt=\"\" \/><\/a>\n\t\t\t<\/div><\/figure><figure class='gallery-item'>\n\t\t\t<div class='gallery-icon landscape'>\n\t\t\t\t<a href='https:\/\/ravpsd.hekko24.pl\/ben\/img_9695\/'><img width=\"300\" height=\"200\" src=\"https:\/\/ravpsd.hekko24.pl\/ben\/wp-content\/uploads\/2025\/10\/IMG_9695-300x200.jpg\" class=\"attachment-medium size-medium\" alt=\"\" \/><\/a>\n\t\t\t<\/div><\/figure>\n\t\t<\/div>\n\n<\/div>\t\t\t\t\t\t\t<\/div>\n\t\t\t\t\t\t<\/div>\n\t\t\t\t\t\t\t\t\t<\/div>\n\t\t\t\t<\/div>\n\t\t\t\t<div class=\"gem-tta-tabs-container gem-tta-tabs-icon-position-left\">\n\t\t\t\t\t<ul class=\"gem-tta-tabs-list\">\n\n\t\t\t\t\t\t\n\t\t\t\t\t\t<li class=\"gem-tta-tab gem-tta-active \" data-vc-tab data-vc-tab-index=\"0\">\n\t\t\t\t\t\t\t\t\t\t\t\t\t\t\t<a href=\"#section-f817116-1\" data-vc-tabs data-vc-container=\".gem-tta\">\n\t\t\t\t\t\t\t\t\t<span class=\"gem-tta-icon\">\n\t\t\t\t\t\t\t\t\t\t \t\t\t\t\t\t\t\t\t<\/span>\n\t\t\t\t\t\t\t\t\t<span class=\"gem-tta-title-text\">\n\t\t\t\t\t\t\t\t\t\tMinistranci\t\t\t\t\t\t\t\t\t<\/span>\n\t\t\t\t\t\t\t\t<\/a>\n\t\t\t\t\t\t\t\t\t\t\t\t\t<\/li>\n\t\t\t\t\t\n\t\t\t\t\t\t<li class=\"gem-tta-tab  \" data-vc-tab data-vc-tab-index=\"1\">\n\t\t\t\t\t\t\t\t\t\t\t\t\t\t\t<a href=\"#section-f817116-2\" data-vc-tabs data-vc-container=\".gem-tta\">\n\t\t\t\t\t\t\t\t\t<span class=\"gem-tta-icon\">\n\t\t\t\t\t\t\t\t\t\t \t\t\t\t\t\t\t\t\t<\/span>\n\t\t\t\t\t\t\t\t\t<span class=\"gem-tta-title-text\">\n\t\t\t\t\t\t\t\t\t\tLektorzy\t\t\t\t\t\t\t\t\t<\/span>\n\t\t\t\t\t\t\t\t<\/a>\n\t\t\t\t\t\t\t\t\t\t\t\t\t<\/li>\n\t\t\t\t\t\n\t\t\t\t\t\t<li class=\"gem-tta-tab  \" data-vc-tab data-vc-tab-index=\"2\">\n\t\t\t\t\t\t\t\t\t\t\t\t\t\t\t<a href=\"#section-f817116-3\" data-vc-tabs data-vc-container=\".gem-tta\">\n\t\t\t\t\t\t\t\t\t<span class=\"gem-tta-icon\">\n\t\t\t\t\t\t\t\t\t\t \t\t\t\t\t\t\t\t\t<\/span>\n\t\t\t\t\t\t\t\t\t<span class=\"gem-tta-title-text\">\n\t\t\t\t\t\t\t\t\t\tDzieci Maryi\t\t\t\t\t\t\t\t\t<\/span>\n\t\t\t\t\t\t\t\t<\/a>\n\t\t\t\t\t\t\t\t\t\t\t\t\t<\/li>\n\t\t\t\t\t\n\t\t\t\t\t\t<li class=\"gem-tta-tab  \" data-vc-tab data-vc-tab-index=\"3\">\n\t\t\t\t\t\t\t\t\t\t\t\t\t\t\t<a href=\"#section-f817116-4\" data-vc-tabs data-vc-container=\".gem-tta\">\n\t\t\t\t\t\t\t\t\t<span class=\"gem-tta-icon\">\n\t\t\t\t\t\t\t\t\t\t \t\t\t\t\t\t\t\t\t<\/span>\n\t\t\t\t\t\t\t\t\t<span class=\"gem-tta-title-text\">\n\t\t\t\t\t\t\t\t\t\tDzieci komunijne\t\t\t\t\t\t\t\t\t<\/span>\n\t\t\t\t\t\t\t\t<\/a>\n\t\t\t\t\t\t\t\t\t\t\t\t\t<\/li>\n\t\t\t\t\t\n\t\t\t\t\t\t<li class=\"gem-tta-tab  \" data-vc-tab data-vc-tab-index=\"4\">\n\t\t\t\t\t\t\t\t\t\t\t\t\t\t\t<a href=\"#section-f817116-5\" data-vc-tabs data-vc-container=\".gem-tta\">\n\t\t\t\t\t\t\t\t\t<span class=\"gem-tta-icon\">\n\t\t\t\t\t\t\t\t\t\t \t\t\t\t\t\t\t\t\t<\/span>\n\t\t\t\t\t\t\t\t\t<span class=\"gem-tta-title-text\">\n\t\t\t\t\t\t\t\t\t\tRodzice dzieci komunijnych\t\t\t\t\t\t\t\t\t<\/span>\n\t\t\t\t\t\t\t\t<\/a>\n\t\t\t\t\t\t\t\t\t\t\t\t\t<\/li>\n\t\t\t\t\t\n\t\t\t\t\t\t<li class=\"gem-tta-tab  \" data-vc-tab data-vc-tab-index=\"5\">\n\t\t\t\t\t\t\t\t\t\t\t\t\t\t\t<a href=\"#section-f817116-6\" data-vc-tabs data-vc-container=\".gem-tta\">\n\t\t\t\t\t\t\t\t\t<span class=\"gem-tta-icon\">\n\t\t\t\t\t\t\t\t\t\t \t\t\t\t\t\t\t\t\t<\/span>\n\t\t\t\t\t\t\t\t\t<span class=\"gem-tta-title-text\">\n\t\t\t\t\t\t\t\t\t\tKandydaci do bierzmowania\t\t\t\t\t\t\t\t\t<\/span>\n\t\t\t\t\t\t\t\t<\/a>\n\t\t\t\t\t\t\t\t\t\t\t\t\t<\/li>\n\t\t\t\t\t\n\t\t\t\t\t\t<li class=\"gem-tta-tab  \" data-vc-tab data-vc-tab-index=\"6\">\n\t\t\t\t\t\t\t\t\t\t\t\t\t\t\t<a href=\"#section-f817116-7\" data-vc-tabs data-vc-container=\".gem-tta\">\n\t\t\t\t\t\t\t\t\t<span class=\"gem-tta-icon\">\n\t\t\t\t\t\t\t\t\t\t \t\t\t\t\t\t\t\t\t<\/span>\n\t\t\t\t\t\t\t\t\t<span class=\"gem-tta-title-text\">\n\t\t\t\t\t\t\t\t\t\tBractwo Szkaplerzne\t\t\t\t\t\t\t\t\t<\/span>\n\t\t\t\t\t\t\t\t<\/a>\n\t\t\t\t\t\t\t\t\t\t\t\t\t<\/li>\n\t\t\t\t\t\n\t\t\t\t\t\t<li class=\"gem-tta-tab  \" data-vc-tab data-vc-tab-index=\"7\">\n\t\t\t\t\t\t\t\t\t\t\t\t\t\t\t<a href=\"#section-f817116-8\" data-vc-tabs data-vc-container=\".gem-tta\">\n\t\t\t\t\t\t\t\t\t<span class=\"gem-tta-icon\">\n\t\t\t\t\t\t\t\t\t\t \t\t\t\t\t\t\t\t\t<\/span>\n\t\t\t\t\t\t\t\t\t<span class=\"gem-tta-title-text\">\n\t\t\t\t\t\t\t\t\t\tGrupa Benedykt\t\t\t\t\t\t\t\t\t<\/span>\n\t\t\t\t\t\t\t\t<\/a>\n\t\t\t\t\t\t\t\t\t\t\t\t\t<\/li>\n\t\t\t\t\t\n\t\t\t\t\t\t<li class=\"gem-tta-tab  \" data-vc-tab data-vc-tab-index=\"8\">\n\t\t\t\t\t\t\t\t\t\t\t\t\t\t\t<a href=\"#section-f817116-9\" data-vc-tabs data-vc-container=\".gem-tta\">\n\t\t\t\t\t\t\t\t\t<span class=\"gem-tta-icon\">\n\t\t\t\t\t\t\t\t\t\t \t\t\t\t\t\t\t\t\t<\/span>\n\t\t\t\t\t\t\t\t\t<span class=\"gem-tta-title-text\">\n\t\t\t\t\t\t\t\t\t\t\u017bywy r\u00f3\u017caniec\t\t\t\t\t\t\t\t\t<\/span>\n\t\t\t\t\t\t\t\t<\/a>\n\t\t\t\t\t\t\t\t\t\t\t\t\t<\/li>\n\t\t\t\t\t\n\t\t\t\t\t\t<li class=\"gem-tta-tab  \" data-vc-tab data-vc-tab-index=\"9\">\n\t\t\t\t\t\t\t\t\t\t\t\t\t\t\t<a href=\"#section-f817116-10\" data-vc-tabs data-vc-container=\".gem-tta\">\n\t\t\t\t\t\t\t\t\t<span class=\"gem-tta-icon\">\n\t\t\t\t\t\t\t\t\t\t \t\t\t\t\t\t\t\t\t<\/span>\n\t\t\t\t\t\t\t\t\t<span class=\"gem-tta-title-text\">\n\t\t\t\t\t\t\t\t\t\tCh\u00f3r parafialny\t\t\t\t\t\t\t\t\t<\/span>\n\t\t\t\t\t\t\t\t<\/a>\n\t\t\t\t\t\t\t\t\t\t\t\t\t<\/li>\n\t\t\t\t\t\t\t\t\t\t<\/ul>\n\t\t\t\t<\/div>\n\t\t\t<\/div>\n\t\t<\/div>\n\n\t\t\t\t\t\t<\/div>\n\t\t\t\t<\/div>\n\t\t\t\t\t<\/div>\n\t\t<\/div>\n\t\t\t\t\t<\/div><\/div>\r\n\t\t<\/section>\r\n\t\t\t\t<\/div>\n\t\t","protected":false},"excerpt":{"rendered":"<p>Grupy parafialne Ministranci Lektorzy Dzieci Maryi Dzieci komunijne Rodzice dzieci komunijnych Kandydaci do bierzmowania Bractwo Szkaplerzne Grupa Benedykt \u017bywy r\u00f3\u017caniec&#8230;<\/p>\n","protected":false},"author":1,"featured_media":0,"parent":0,"menu_order":0,"comment_status":"closed","ping_status":"closed","template":"page-fullwidth.php","meta":{"_acf_changed":false,"footnotes":""},"class_list":["post-34105","page","type-page","status-publish"],"acf":[],"_links":{"self":[{"href":"https:\/\/ravpsd.hekko24.pl\/ben\/wp-json\/wp\/v2\/pages\/34105","targetHints":{"allow":["GET"]}}],"collection":[{"href":"https:\/\/ravpsd.hekko24.pl\/ben\/wp-json\/wp\/v2\/pages"}],"about":[{"href":"https:\/\/ravpsd.hekko24.pl\/ben\/wp-json\/wp\/v2\/types\/page"}],"author":[{"embeddable":true,"href":"https:\/\/ravpsd.hekko24.pl\/ben\/wp-json\/wp\/v2\/users\/1"}],"replies":[{"embeddable":true,"href":"https:\/\/ravpsd.hekko24.pl\/ben\/wp-json\/wp\/v2\/comments?post=34105"}],"version-history":[{"count":16,"href":"https:\/\/ravpsd.hekko24.pl\/ben\/wp-json\/wp\/v2\/pages\/34105\/revisions"}],"predecessor-version":[{"id":35874,"href":"https:\/\/ravpsd.hekko24.pl\/ben\/wp-json\/wp\/v2\/pages\/34105\/revisions\/35874"}],"wp:attachment":[{"href":"https:\/\/ravpsd.hekko24.pl\/ben\/wp-json\/wp\/v2\/media?parent=34105"}],"curies":[{"name":"wp","href":"https:\/\/api.w.org\/{rel}","templated":true}]}}